{"id":165,"date":"2022-04-25T13:52:35","date_gmt":"2022-04-25T11:52:35","guid":{"rendered":"https:\/\/www.parkservice-am-airpark.de\/parken-baden-airpark\/parkgebuehr-copy\/"},"modified":"2022-04-29T14:04:11","modified_gmt":"2022-04-29T12:04:11","slug":"einblicke","status":"publish","type":"page","link":"https:\/\/www.parkservice-am-airpark.de\/parken-baden-airpark\/einblicke\/","title":{"rendered":"Einblicke"},"content":{"rendered":"<!--themify_builder_content-->\n<div id=\"themify_builder_content-165\" data-postid=\"165\" class=\"themify_builder_content themify_builder_content-165 themify_builder tf_clear\">\n                    <div  data-anchor=\"content\" data-hide-anchor=\"1\" data-css_id=\"ikfo753\" data-lazy=\"1\" class=\"module_row themify_builder_row fullwidth_row_container tb_has_section tb_section-content tb_gs345f0 tb_ikfo753 tb_first tf_w\">\n                        <div class=\"row_inner col_align_top tb_col_count_1 tf_box tf_rel\">\n                        <div  data-lazy=\"1\" class=\"module_column tb-column col-full tb_isna754 first\">\n                    <div  class=\"module themify_builder_slider_wrap tf_clearfix module-slider tb_e9gy754  slider-default  \" data-lazy=\"1\">\n        <div class=\"themify_builder_slider tf_carousel tf_swiper-container tf_rel tf_overflow\" data-lazy=\"1\"        data-visible=\"1\"\n        data-tab-visible=\"1\"\n        data-mob-visible=\"1\"\n        data-scroll=\"1\"\n                            data-auto=\"4000\"\n            data-controller=\"0\"\n            data-pause_hover=\"1\"\n                data-speed=\"slow\"\n        data-wrapvar=\"1\"\n        data-slider_nav=\"0\"\n        data-pager=\"0\"\n        data-effect=\"fade\" \n        data-height=\"variable\"\n        data-css_url=\"https:\/\/www.parkservice-am-airpark.de\/parken-baden-airpark\/wp-content\/themes\/themify-ultra\/themify\/themify-builder\/css\/modules\/sliders\/carousel,https:\/\/www.parkservice-am-airpark.de\/parken-baden-airpark\/wp-content\/themes\/themify-ultra\/themify\/themify-builder\/css\/modules\/sliders\/slider\"\n                    >\n        <div class=\"tf_swiper-wrapper tf_lazy tf_rel tf_w tf_h tf_textc\">\n                         <div class=\"tf_swiper-slide\">            <div class=\"slide-inner-wrap\">\n                                    <div class=\"tf_rel tf_lazy slide-image\">\n                                                                            <img src=\"data:image\/svg+xml,%3Csvg%20xmlns=%27http:\/\/www.w3.org\/2000\/svg%27%20width='980'%20height='200'%20viewBox=%270%200%20980%20200%27%3E%3C\/svg%3E\" loading=\"lazy\" data-lazy=\"1\" data-tf-not-load=\"1\" style=\"background:linear-gradient(to right,#ffffff 25%,#ffffff 25% 50%,#ffffff 50% 75%,#a77d64 75%),linear-gradient(to right,#ffffff 25%,#ffffff 25% 50%,#ffffff 50% 75%,#b5c0c6 75%),linear-gradient(to right,#ffffff 25%,#ffffff 25% 50%,#ffffff 50% 75%,#afbec5 75%),linear-gradient(to right,#8f8f8f 25%,#676767 25% 50%,#676767 50% 75%,#696564 75%)\" decoding=\"async\" width=\"980\" height=\"200\" data-tf-src=\"https:\/\/www.parkservice-am-airpark.de\/parken-baden-airpark\/wp-content\/uploads\/2022\/04\/1_2fa67f482133f1c934235b73c2a03954_s.jpg\" class=\"tf_svg_lazy wp-post-image wp-image-41\" title=\"1_2fa67f482133f1c934235b73c2a03954_s\" alt=\"1_2fa67f482133f1c934235b73c2a03954_s\" data-tf-srcset=\"https:\/\/www.parkservice-am-airpark.de\/parken-baden-airpark\/wp-content\/uploads\/2022\/04\/1_2fa67f482133f1c934235b73c2a03954_s.jpg 980w, https:\/\/www.parkservice-am-airpark.de\/parken-baden-airpark\/wp-content\/uploads\/2022\/04\/1_2fa67f482133f1c934235b73c2a03954_s-300x61.jpg 300w, https:\/\/www.parkservice-am-airpark.de\/parken-baden-airpark\/wp-content\/uploads\/2022\/04\/1_2fa67f482133f1c934235b73c2a03954_s-768x157.jpg 768w\" data-tf-sizes=\"(max-width: 980px) 100vw, 980px\" \/><noscript><img loading=\"lazy\" decoding=\"async\" width=\"980\" height=\"200\" data-tf-not-load data-no-script src=\"https:\/\/www.parkservice-am-airpark.de\/parken-baden-airpark\/wp-content\/uploads\/2022\/04\/1_2fa67f482133f1c934235b73c2a03954_s.jpg\" class=\"wp-post-image wp-image-41\" title=\"1_2fa67f482133f1c934235b73c2a03954_s\" alt=\"1_2fa67f482133f1c934235b73c2a03954_s\" srcset=\"https:\/\/www.parkservice-am-airpark.de\/parken-baden-airpark\/wp-content\/uploads\/2022\/04\/1_2fa67f482133f1c934235b73c2a03954_s.jpg 980w, https:\/\/www.parkservice-am-airpark.de\/parken-baden-airpark\/wp-content\/uploads\/2022\/04\/1_2fa67f482133f1c934235b73c2a03954_s-300x61.jpg 300w, https:\/\/www.parkservice-am-airpark.de\/parken-baden-airpark\/wp-content\/uploads\/2022\/04\/1_2fa67f482133f1c934235b73c2a03954_s-768x157.jpg 768w\" sizes=\"auto, (max-width: 980px) 100vw, 980px\" \/><\/noscript>                                            <\/div>\n                \n                            <\/div>\n        <\/div>                     <div class=\"tf_swiper-slide\" style=\"content-visibility:hidden\">            <div class=\"slide-inner-wrap\">\n                                    <div class=\"tf_rel tf_lazy slide-image\">\n                                                                            <img src=\"data:image\/svg+xml,%3Csvg%20xmlns=%27http:\/\/www.w3.org\/2000\/svg%27%20width='980'%20height='200'%20viewBox=%270%200%20980%20200%27%3E%3C\/svg%3E\" loading=\"lazy\" data-lazy=\"1\" data-tf-not-load=\"1\" style=\"background:linear-gradient(to right,#ffffff 25%,#ffffff 25% 50%,#ffffff 50% 75%,#8d8d85 75%),linear-gradient(to right,#ffffff 25%,#ffffff 25% 50%,#ffffff 50% 75%,#9cb8bc 75%),linear-gradient(to right,#ffffff 25%,#ffffff 25% 50%,#ffffff 50% 75%,#1f262c 75%),linear-gradient(to right,#8f8f8f 25%,#676767 25% 50%,#676767 50% 75%,#686763 75%)\" decoding=\"async\" width=\"980\" height=\"200\" data-tf-src=\"https:\/\/www.parkservice-am-airpark.de\/parken-baden-airpark\/wp-content\/uploads\/2022\/04\/Header-parkservice-baden-baden-h2.jpg\" class=\"tf_svg_lazy wp-post-image wp-image-44\" title=\"Header-parkservice-baden-baden-h2\" alt=\"Header-parkservice-baden-baden-h2\" data-tf-srcset=\"https:\/\/www.parkservice-am-airpark.de\/parken-baden-airpark\/wp-content\/uploads\/2022\/04\/Header-parkservice-baden-baden-h2.jpg 980w, https:\/\/www.parkservice-am-airpark.de\/parken-baden-airpark\/wp-content\/uploads\/2022\/04\/Header-parkservice-baden-baden-h2-300x61.jpg 300w, https:\/\/www.parkservice-am-airpark.de\/parken-baden-airpark\/wp-content\/uploads\/2022\/04\/Header-parkservice-baden-baden-h2-768x157.jpg 768w\" data-tf-sizes=\"(max-width: 980px) 100vw, 980px\" \/><noscript><img loading=\"lazy\" decoding=\"async\" width=\"980\" height=\"200\" data-tf-not-load data-no-script src=\"https:\/\/www.parkservice-am-airpark.de\/parken-baden-airpark\/wp-content\/uploads\/2022\/04\/Header-parkservice-baden-baden-h2.jpg\" class=\"wp-post-image wp-image-44\" title=\"Header-parkservice-baden-baden-h2\" alt=\"Header-parkservice-baden-baden-h2\" srcset=\"https:\/\/www.parkservice-am-airpark.de\/parken-baden-airpark\/wp-content\/uploads\/2022\/04\/Header-parkservice-baden-baden-h2.jpg 980w, https:\/\/www.parkservice-am-airpark.de\/parken-baden-airpark\/wp-content\/uploads\/2022\/04\/Header-parkservice-baden-baden-h2-300x61.jpg 300w, https:\/\/www.parkservice-am-airpark.de\/parken-baden-airpark\/wp-content\/uploads\/2022\/04\/Header-parkservice-baden-baden-h2-768x157.jpg 768w\" sizes=\"auto, (max-width: 980px) 100vw, 980px\" \/><\/noscript>                                            <\/div>\n                \n                            <\/div>\n        <\/div>                     <div class=\"tf_swiper-slide\" style=\"content-visibility:hidden\">            <div class=\"slide-inner-wrap\">\n                                    <div class=\"tf_rel tf_lazy slide-image\">\n                                                                            <img src=\"data:image\/svg+xml,%3Csvg%20xmlns=%27http:\/\/www.w3.org\/2000\/svg%27%20width='980'%20height='200'%20viewBox=%270%200%20980%20200%27%3E%3C\/svg%3E\" loading=\"lazy\" data-lazy=\"1\" data-tf-not-load=\"1\" style=\"background:linear-gradient(to right,#ffffff 25%,#ffffff 25% 50%,#ffffff 50% 75%,#ffffff 75%),linear-gradient(to right,#ffffff 25%,#ffffff 25% 50%,#fefefe 50% 75%,#817372 75%),linear-gradient(to right,#ffffff 25%,#ffffff 25% 50%,#ffffff 50% 75%,#464543 75%),linear-gradient(to right,#8f8f8f 25%,#676767 25% 50%,#676767 50% 75%,#6c6a6d 75%)\" decoding=\"async\" width=\"980\" height=\"200\" data-tf-src=\"https:\/\/www.parkservice-am-airpark.de\/parken-baden-airpark\/wp-content\/uploads\/2022\/04\/3_94d43e327d9303539cb1e2aac7032668_s.jpg\" class=\"tf_svg_lazy wp-post-image wp-image-42\" title=\"3_94d43e327d9303539cb1e2aac7032668_s\" alt=\"3_94d43e327d9303539cb1e2aac7032668_s\" data-tf-srcset=\"https:\/\/www.parkservice-am-airpark.de\/parken-baden-airpark\/wp-content\/uploads\/2022\/04\/3_94d43e327d9303539cb1e2aac7032668_s.jpg 980w, https:\/\/www.parkservice-am-airpark.de\/parken-baden-airpark\/wp-content\/uploads\/2022\/04\/3_94d43e327d9303539cb1e2aac7032668_s-300x61.jpg 300w, https:\/\/www.parkservice-am-airpark.de\/parken-baden-airpark\/wp-content\/uploads\/2022\/04\/3_94d43e327d9303539cb1e2aac7032668_s-768x157.jpg 768w\" data-tf-sizes=\"(max-width: 980px) 100vw, 980px\" \/><noscript><img loading=\"lazy\" decoding=\"async\" width=\"980\" height=\"200\" data-tf-not-load data-no-script src=\"https:\/\/www.parkservice-am-airpark.de\/parken-baden-airpark\/wp-content\/uploads\/2022\/04\/3_94d43e327d9303539cb1e2aac7032668_s.jpg\" class=\"wp-post-image wp-image-42\" title=\"3_94d43e327d9303539cb1e2aac7032668_s\" alt=\"3_94d43e327d9303539cb1e2aac7032668_s\" srcset=\"https:\/\/www.parkservice-am-airpark.de\/parken-baden-airpark\/wp-content\/uploads\/2022\/04\/3_94d43e327d9303539cb1e2aac7032668_s.jpg 980w, https:\/\/www.parkservice-am-airpark.de\/parken-baden-airpark\/wp-content\/uploads\/2022\/04\/3_94d43e327d9303539cb1e2aac7032668_s-300x61.jpg 300w, https:\/\/www.parkservice-am-airpark.de\/parken-baden-airpark\/wp-content\/uploads\/2022\/04\/3_94d43e327d9303539cb1e2aac7032668_s-768x157.jpg 768w\" sizes=\"auto, (max-width: 980px) 100vw, 980px\" \/><\/noscript>                                            <\/div>\n                \n                            <\/div>\n        <\/div>                     <div class=\"tf_swiper-slide\" style=\"content-visibility:hidden\">            <div class=\"slide-inner-wrap\">\n                                    <div class=\"tf_rel tf_lazy slide-image\">\n                                                                            <img src=\"data:image\/svg+xml,%3Csvg%20xmlns=%27http:\/\/www.w3.org\/2000\/svg%27%20width='980'%20height='200'%20viewBox=%270%200%20980%20200%27%3E%3C\/svg%3E\" loading=\"lazy\" data-lazy=\"1\" data-tf-not-load=\"1\" style=\"background:linear-gradient(to right,#ffffff 25%,#c4906b 25% 50%,#30332c 50% 75%,#222f42 75%),linear-gradient(to right,#ffffff 25%,#4c3d3a 25% 50%,#395b77 50% 75%,#16192a 75%),linear-gradient(to right,#ffffff 25%,#050409 25% 50%,#abaaa8 50% 75%,#40353b 75%),linear-gradient(to right,#848484 25%,#666666 25% 50%,#666465 50% 75%,#696969 75%)\" decoding=\"async\" width=\"980\" height=\"200\" data-tf-src=\"https:\/\/www.parkservice-am-airpark.de\/parken-baden-airpark\/wp-content\/uploads\/2022\/04\/4_2ff2ba0051687eef5ca0459cf942940c_s.jpg\" class=\"tf_svg_lazy wp-post-image wp-image-43\" title=\"4_2ff2ba0051687eef5ca0459cf942940c_s\" alt=\"4_2ff2ba0051687eef5ca0459cf942940c_s\" data-tf-srcset=\"https:\/\/www.parkservice-am-airpark.de\/parken-baden-airpark\/wp-content\/uploads\/2022\/04\/4_2ff2ba0051687eef5ca0459cf942940c_s.jpg 980w, https:\/\/www.parkservice-am-airpark.de\/parken-baden-airpark\/wp-content\/uploads\/2022\/04\/4_2ff2ba0051687eef5ca0459cf942940c_s-300x61.jpg 300w, https:\/\/www.parkservice-am-airpark.de\/parken-baden-airpark\/wp-content\/uploads\/2022\/04\/4_2ff2ba0051687eef5ca0459cf942940c_s-768x157.jpg 768w\" data-tf-sizes=\"(max-width: 980px) 100vw, 980px\" \/><noscript><img loading=\"lazy\" decoding=\"async\" width=\"980\" height=\"200\" data-tf-not-load data-no-script src=\"https:\/\/www.parkservice-am-airpark.de\/parken-baden-airpark\/wp-content\/uploads\/2022\/04\/4_2ff2ba0051687eef5ca0459cf942940c_s.jpg\" class=\"wp-post-image wp-image-43\" title=\"4_2ff2ba0051687eef5ca0459cf942940c_s\" alt=\"4_2ff2ba0051687eef5ca0459cf942940c_s\" srcset=\"https:\/\/www.parkservice-am-airpark.de\/parken-baden-airpark\/wp-content\/uploads\/2022\/04\/4_2ff2ba0051687eef5ca0459cf942940c_s.jpg 980w, https:\/\/www.parkservice-am-airpark.de\/parken-baden-airpark\/wp-content\/uploads\/2022\/04\/4_2ff2ba0051687eef5ca0459cf942940c_s-300x61.jpg 300w, https:\/\/www.parkservice-am-airpark.de\/parken-baden-airpark\/wp-content\/uploads\/2022\/04\/4_2ff2ba0051687eef5ca0459cf942940c_s-768x157.jpg 768w\" sizes=\"auto, (max-width: 980px) 100vw, 980px\" \/><\/noscript>                                            <\/div>\n                \n                            <\/div>\n        <\/div>            <\/div>\n    <\/div>\n<\/div>\n        <div  data-lazy=\"1\" class=\"module_subrow themify_builder_sub_row tf_w col_align_top tb_col_count_2 tb_jxtl756\">\n                <div  data-lazy=\"1\" class=\"module_column sub_column col4-1 tb_gj1o756 first\">\n                    <!-- module template_part -->\n<div  class=\"module module-layout-part tb_xkle756 \">\n    <div class=\"tb_layout_part_wrap tf_w\"><!--themify_builder_content-->\n    <div  class=\"themify_builder_content themify_builder_content-111 themify_builder not_editable_builder in_the_loop\" data-postid=\"111\">\n                        <div  data-lazy=\"1\" class=\"module_row themify_builder_row tb_v2ph951 tf_w\">\n                        <div class=\"row_inner col_align_top tb_col_count_1 tf_box tf_rel\">\n                        <div  data-lazy=\"1\" class=\"module_column tb-column col-full tb_dixy952 first\">\n                    <!-- module text -->\n<div  class=\"module module-text tb_jm0k459   \" data-lazy=\"1\">\n        <div  class=\"tb_text_wrap\">\n        <p><strong>Parkservice<\/strong><br><strong>am Baden Airpark<\/strong><br>Halifax Avenue B 420<br>77836 Rheinm\u00fcnster<br><b>Mobil: 0163 9238300<\/b><\/p>\n<p><strong style=\"background-color: initial;\"><span id=\"cloakcf6409d37f0bd6f2690dd583209653b6\"><a href=\"mailto:info@parkservice-am-airpark.de\">E-Mail<\/a><\/span><\/strong><\/p>\n<p><strong><a title=\"Reservierung\" href=\"https:\/\/www.parkservice-am-airpark.de\/parken-baden-airpark\/reservierung\/\">Reservierungsanfrage<\/a><br><a href=\"https:\/\/www.parkservice-am-airpark.de\/parken-baden-airpark\/parkgebuhr\/\">Parkgeb\u00fchr<\/a><\/strong><br><strong><a title=\"Anfahrt\" href=\"https:\/\/www.parkservice-am-airpark.de\/parken-baden-airpark\/kontakt\/\">Anfahrt<\/a><\/strong><\/p>\n<p><strong><a title=\"Ank\u00fcnfte\" href=\"http:\/\/www.baden-airpark.de\/tagesaktueller-flugplan.html\" target=\"_blank\" rel=\"noopener noreferrer\">Ank\u00fcnfte<\/a><\/strong><br><strong><a title=\"Abfl\u00fcge\" href=\"http:\/\/www.baden-airpark.de\/tagesaktueller-flugplan.html\" target=\"_blank\" rel=\"noopener noreferrer\">Abfl\u00fcge<br><br><\/a><\/strong><strong>B\u00fcrozeiten<br><\/strong>Montag &#8211; Freitag<br>08:00 &#8211; 12:00 Uhr<br>14:00 &#8211; 20:00 Uhr<\/p>    <\/div>\n<\/div>\n<!-- \/module text -->        <\/div>\n                        <\/div>\n        <\/div>\n            <\/div>\n<!--\/themify_builder_content--><\/div>\n<\/div>\n<!-- \/module template_part --><!-- module template_part -->\n<div  class=\"module module-layout-part tb_2g9r756 \">\n    <div class=\"tb_layout_part_wrap tf_w\"><!--themify_builder_content-->\n    <div  class=\"themify_builder_content themify_builder_content-121 themify_builder not_editable_builder in_the_loop\" data-postid=\"121\">\n                        <div  data-lazy=\"1\" class=\"module_row themify_builder_row tb_vhvo552 tf_w\">\n                        <div class=\"row_inner col_align_top tb_col_count_1 tf_box tf_rel\">\n                        <div  data-lazy=\"1\" class=\"module_column tb-column col-full tb_ilqs552 first\">\n                            <div  data-lazy=\"1\" class=\"module_subrow themify_builder_sub_row tf_w gutter-narrow col_align_top tb_col_count_1 tb_hwfw552\">\n                <div  data-lazy=\"1\" class=\"module_column sub_column col-full tb_wf0p552 first\">\n                    <!-- module text -->\n<div  class=\"module module-text tb_2zd9957   \" data-lazy=\"1\">\n        <div  class=\"tb_text_wrap\">\n        <div id=\"flags\" class=\"size24\"><ul id=\"sortable\" class=\"ui-sortable\" style=\"float:left\"><li id=\"German\"><a href=\"#\" title=\"German\" class=\"nturl notranslate de flag German\"><\/a><\/li><li id=\"English\"><a href=\"#\" title=\"English\" class=\"nturl notranslate en flag English\"><\/a><\/li><li id=\"French\"><a href=\"#\" title=\"French\" class=\"nturl notranslate fr flag French\"><\/a><\/li><li id=\"Italian\"><a href=\"#\" title=\"Italian\" class=\"nturl notranslate it flag Italian\"><\/a><\/li><li id=\"Russian\"><a href=\"#\" title=\"Russian\" class=\"nturl notranslate ru flag Russian\"><\/a><\/li><\/ul><\/div><div id=\"google_language_translator\" class=\"default-language-de\"><\/div>    <\/div>\n<\/div>\n<!-- \/module text --><!-- module image -->\n<div  class=\"module module-image tb_l6ez554 image-center   tf_mw\" data-lazy=\"1\">\n        <div class=\"image-wrap tf_rel tf_mw\">\n            <a href=\"https:\/\/www.facebook.com\/Parkservice-am-Baden-Airpark-502926446428763\/?ref=hl\" rel=\"noopener\" target=\"_blank\">\n                   <img loading=\"lazy\" decoding=\"async\" width=\"32\" height=\"32\" src=\"https:\/\/www.parkservice-am-airpark.de\/parken-baden-airpark\/wp-content\/uploads\/2022\/04\/facebook_log_32.png\" class=\"wp-post-image wp-image-127\" title=\"facebook_log_32\" alt=\"facebook_log_32\">        <\/a>\n    \n        <\/div>\n    <!-- \/image-wrap -->\n    \n        <\/div>\n<!-- \/module image -->        <\/div>\n                    <\/div>\n                <\/div>\n                        <\/div>\n        <\/div>\n            <\/div>\n<!--\/themify_builder_content--><\/div>\n<\/div>\n<!-- \/module template_part -->        <\/div>\n                    <div  data-lazy=\"1\" class=\"module_column sub_column col4-3 tb_2nuw756 last\">\n                    <!-- module text -->\n<div  class=\"module module-text tb_6cf0757 car  \" data-lazy=\"1\">\n        <div  class=\"tb_text_wrap\">\n        <h2>Galerie Parkhalle<\/h2>\n<p>Verschaffen Sie sich einen ersten Eindruck \u00fcber unsere Parkhalle.<\/p>\n<div>\u00a0<\/div>    <\/div>\n<\/div>\n<!-- \/module text --><!-- module gallery -->\n<div  class=\"module gallery module-gallery tb_defn711 layout-grid  \" data-lazy=\"1\">\n    <div class=\"module-gallery-grid\" style=\"--gald:4;--galt:4;--galm:1\">\n            <dl class=\"gallery-item\">\n            <dt class=\"gallery-icon\">\n            <a data-title=\"\" title=\"\" href=\"https:\/\/www.parkservice-am-airpark.de\/parken-baden-airpark\/wp-content\/uploads\/2022\/04\/halle12-rotated-e1650903293159.jpg\" data-rel=\"tb_defn711\" class=\"themify_lightbox\"><img loading=\"lazy\" decoding=\"async\" src=\"https:\/\/www.parkservice-am-airpark.de\/parken-baden-airpark\/wp-content\/uploads\/2022\/04\/halle12-rotated-e1650903293159-1024x768-300x200.jpg\" width=\"300\" height=\"200\" class=\"wp-post-image wp-image-239\" title=\"halle12\" alt=\"halle12\"><\/a>            <\/dt>\n                    <\/dl>\n            <dl class=\"gallery-item\">\n            <dt class=\"gallery-icon\">\n            <a data-title=\"\" title=\"\" href=\"https:\/\/www.parkservice-am-airpark.de\/parken-baden-airpark\/wp-content\/uploads\/2022\/04\/Parken-am-Baden-Airpark_01.jpg\" data-rel=\"tb_defn711\" class=\"themify_lightbox\"><img loading=\"lazy\" decoding=\"async\" src=\"https:\/\/www.parkservice-am-airpark.de\/parken-baden-airpark\/wp-content\/uploads\/2022\/04\/Parken-am-Baden-Airpark_01-300x200.jpg\" width=\"300\" height=\"200\" class=\"wp-post-image wp-image-251\" title=\"Parken-am-Baden-Airpark_01\" alt=\"Parken-am-Baden-Airpark_01\" srcset=\"https:\/\/www.parkservice-am-airpark.de\/parken-baden-airpark\/wp-content\/uploads\/2022\/04\/Parken-am-Baden-Airpark_01-300x200.jpg 300w, https:\/\/www.parkservice-am-airpark.de\/parken-baden-airpark\/wp-content\/uploads\/2022\/04\/Parken-am-Baden-Airpark_01-768x512.jpg 768w, https:\/\/www.parkservice-am-airpark.de\/parken-baden-airpark\/wp-content\/uploads\/2022\/04\/Parken-am-Baden-Airpark_01.jpg 800w\" sizes=\"auto, (max-width: 300px) 100vw, 300px\" \/><\/a>            <\/dt>\n                    <\/dl>\n            <dl class=\"gallery-item\">\n            <dt class=\"gallery-icon\">\n            <a data-title=\"\" title=\"\" href=\"https:\/\/www.parkservice-am-airpark.de\/parken-baden-airpark\/wp-content\/uploads\/2022\/04\/Parken-am-Baden-Airpark_11.jpg\" data-rel=\"tb_defn711\" class=\"themify_lightbox\"><img loading=\"lazy\" decoding=\"async\" src=\"https:\/\/www.parkservice-am-airpark.de\/parken-baden-airpark\/wp-content\/uploads\/2022\/04\/Parken-am-Baden-Airpark_11-300x200.jpg\" width=\"300\" height=\"200\" class=\"wp-post-image wp-image-260\" title=\"Parken-am-Baden-Airpark_11\" alt=\"Parken-am-Baden-Airpark_11\" srcset=\"https:\/\/www.parkservice-am-airpark.de\/parken-baden-airpark\/wp-content\/uploads\/2022\/04\/Parken-am-Baden-Airpark_11-300x200.jpg 300w, https:\/\/www.parkservice-am-airpark.de\/parken-baden-airpark\/wp-content\/uploads\/2022\/04\/Parken-am-Baden-Airpark_11-768x512.jpg 768w, https:\/\/www.parkservice-am-airpark.de\/parken-baden-airpark\/wp-content\/uploads\/2022\/04\/Parken-am-Baden-Airpark_11.jpg 800w\" sizes=\"auto, (max-width: 300px) 100vw, 300px\" \/><\/a>            <\/dt>\n                    <\/dl>\n            <dl class=\"gallery-item\">\n            <dt class=\"gallery-icon\">\n            <a data-title=\"\" title=\"\" href=\"https:\/\/www.parkservice-am-airpark.de\/parken-baden-airpark\/wp-content\/uploads\/2022\/04\/Parken-am-Baden-Airpark_06.jpg\" data-rel=\"tb_defn711\" class=\"themify_lightbox\"><img loading=\"lazy\" decoding=\"async\" src=\"https:\/\/www.parkservice-am-airpark.de\/parken-baden-airpark\/wp-content\/uploads\/2022\/04\/Parken-am-Baden-Airpark_06-300x200.jpg\" width=\"300\" height=\"200\" class=\"wp-post-image wp-image-256\" title=\"Parken-am-Baden-Airpark_06\" alt=\"Parken-am-Baden-Airpark_06\" srcset=\"https:\/\/www.parkservice-am-airpark.de\/parken-baden-airpark\/wp-content\/uploads\/2022\/04\/Parken-am-Baden-Airpark_06-300x200.jpg 300w, https:\/\/www.parkservice-am-airpark.de\/parken-baden-airpark\/wp-content\/uploads\/2022\/04\/Parken-am-Baden-Airpark_06-768x512.jpg 768w, https:\/\/www.parkservice-am-airpark.de\/parken-baden-airpark\/wp-content\/uploads\/2022\/04\/Parken-am-Baden-Airpark_06.jpg 800w\" sizes=\"auto, (max-width: 300px) 100vw, 300px\" \/><\/a>            <\/dt>\n                    <\/dl>\n            <dl class=\"gallery-item\">\n            <dt class=\"gallery-icon\">\n            <a data-title=\"\" title=\"\" href=\"https:\/\/www.parkservice-am-airpark.de\/parken-baden-airpark\/wp-content\/uploads\/2022\/04\/Parken-am-Baden-Airpark_05.jpg\" data-rel=\"tb_defn711\" class=\"themify_lightbox\"><img loading=\"lazy\" decoding=\"async\" src=\"https:\/\/www.parkservice-am-airpark.de\/parken-baden-airpark\/wp-content\/uploads\/2022\/04\/Parken-am-Baden-Airpark_05-300x200.jpg\" width=\"300\" height=\"200\" class=\"wp-post-image wp-image-255\" title=\"Parken-am-Baden-Airpark_05\" alt=\"Parken-am-Baden-Airpark_05\" srcset=\"https:\/\/www.parkservice-am-airpark.de\/parken-baden-airpark\/wp-content\/uploads\/2022\/04\/Parken-am-Baden-Airpark_05-300x200.jpg 300w, https:\/\/www.parkservice-am-airpark.de\/parken-baden-airpark\/wp-content\/uploads\/2022\/04\/Parken-am-Baden-Airpark_05-768x512.jpg 768w, https:\/\/www.parkservice-am-airpark.de\/parken-baden-airpark\/wp-content\/uploads\/2022\/04\/Parken-am-Baden-Airpark_05.jpg 800w\" sizes=\"auto, (max-width: 300px) 100vw, 300px\" \/><\/a>            <\/dt>\n                    <\/dl>\n            <dl class=\"gallery-item\">\n            <dt class=\"gallery-icon\">\n            <a data-title=\"\" title=\"\" href=\"https:\/\/www.parkservice-am-airpark.de\/parken-baden-airpark\/wp-content\/uploads\/2022\/04\/Foto-4.jpg\" data-rel=\"tb_defn711\" class=\"themify_lightbox\"><img loading=\"lazy\" decoding=\"async\" src=\"https:\/\/www.parkservice-am-airpark.de\/parken-baden-airpark\/wp-content\/uploads\/2022\/04\/Foto-4-300x200.jpg\" width=\"300\" height=\"200\" class=\"wp-post-image wp-image-238\" title=\"Foto 4\" alt=\"Foto 4\"><\/a>            <\/dt>\n                    <\/dl>\n            <dl class=\"gallery-item\">\n            <dt class=\"gallery-icon\">\n            <a data-title=\"\" title=\"\" href=\"https:\/\/www.parkservice-am-airpark.de\/parken-baden-airpark\/wp-content\/uploads\/2022\/04\/Foto-1.jpg\" data-rel=\"tb_defn711\" class=\"themify_lightbox\"><img loading=\"lazy\" decoding=\"async\" src=\"https:\/\/www.parkservice-am-airpark.de\/parken-baden-airpark\/wp-content\/uploads\/2022\/04\/Foto-1-300x200.jpg\" width=\"300\" height=\"200\" class=\"wp-post-image wp-image-235\" title=\"Foto 1\" alt=\"Foto 1\"><\/a>            <\/dt>\n                    <\/dl>\n            <dl class=\"gallery-item\">\n            <dt class=\"gallery-icon\">\n            <a data-title=\"\" title=\"\" href=\"https:\/\/www.parkservice-am-airpark.de\/parken-baden-airpark\/wp-content\/uploads\/2022\/04\/b3.jpg\" data-rel=\"tb_defn711\" class=\"themify_lightbox\"><img loading=\"lazy\" decoding=\"async\" src=\"https:\/\/www.parkservice-am-airpark.de\/parken-baden-airpark\/wp-content\/uploads\/2022\/04\/b3-300x200.jpg\" width=\"300\" height=\"200\" class=\"wp-post-image wp-image-233\" title=\"b3\" alt=\"b3\"><\/a>            <\/dt>\n                    <\/dl>\n            <dl class=\"gallery-item\">\n            <dt class=\"gallery-icon\">\n            <a data-title=\"\" title=\"\" href=\"https:\/\/www.parkservice-am-airpark.de\/parken-baden-airpark\/wp-content\/uploads\/2022\/04\/Foto-2-scaled.jpg\" data-rel=\"tb_defn711\" class=\"themify_lightbox\"><img loading=\"lazy\" decoding=\"async\" src=\"https:\/\/www.parkservice-am-airpark.de\/parken-baden-airpark\/wp-content\/uploads\/2022\/04\/Foto-2-1024x768-300x200.jpg\" width=\"300\" height=\"200\" class=\"wp-post-image wp-image-236\" title=\"Foto 2\" alt=\"Foto 2\"><\/a>            <\/dt>\n                    <\/dl>\n            <dl class=\"gallery-item\">\n            <dt class=\"gallery-icon\">\n            <a data-title=\"\" title=\"\" href=\"https:\/\/www.parkservice-am-airpark.de\/parken-baden-airpark\/wp-content\/uploads\/2022\/04\/Parken-am-Baden-Airpark_02.jpg\" data-rel=\"tb_defn711\" class=\"themify_lightbox\"><img loading=\"lazy\" decoding=\"async\" src=\"https:\/\/www.parkservice-am-airpark.de\/parken-baden-airpark\/wp-content\/uploads\/2022\/04\/Parken-am-Baden-Airpark_02-300x200.jpg\" width=\"300\" height=\"200\" class=\"wp-post-image wp-image-252\" title=\"Parken-am-Baden-Airpark_02\" alt=\"Parken-am-Baden-Airpark_02\" srcset=\"https:\/\/www.parkservice-am-airpark.de\/parken-baden-airpark\/wp-content\/uploads\/2022\/04\/Parken-am-Baden-Airpark_02-300x200.jpg 300w, https:\/\/www.parkservice-am-airpark.de\/parken-baden-airpark\/wp-content\/uploads\/2022\/04\/Parken-am-Baden-Airpark_02-768x512.jpg 768w, https:\/\/www.parkservice-am-airpark.de\/parken-baden-airpark\/wp-content\/uploads\/2022\/04\/Parken-am-Baden-Airpark_02.jpg 800w\" sizes=\"auto, (max-width: 300px) 100vw, 300px\" \/><\/a>            <\/dt>\n                    <\/dl>\n            <dl class=\"gallery-item\">\n            <dt class=\"gallery-icon\">\n            <a data-title=\"\" title=\"\" href=\"https:\/\/www.parkservice-am-airpark.de\/parken-baden-airpark\/wp-content\/uploads\/2022\/04\/b2-scaled.jpg\" data-rel=\"tb_defn711\" class=\"themify_lightbox\"><img loading=\"lazy\" decoding=\"async\" src=\"https:\/\/www.parkservice-am-airpark.de\/parken-baden-airpark\/wp-content\/uploads\/2022\/04\/b2-1024x768-300x200.jpg\" width=\"300\" height=\"200\" class=\"wp-post-image wp-image-232\" title=\"b2\" alt=\"b2\"><\/a>            <\/dt>\n                    <\/dl>\n            <dl class=\"gallery-item\">\n            <dt class=\"gallery-icon\">\n            <a data-title=\"\" title=\"\" href=\"https:\/\/www.parkservice-am-airpark.de\/parken-baden-airpark\/wp-content\/uploads\/2022\/04\/Foto-3-scaled.jpg\" data-rel=\"tb_defn711\" class=\"themify_lightbox\"><img loading=\"lazy\" decoding=\"async\" src=\"https:\/\/www.parkservice-am-airpark.de\/parken-baden-airpark\/wp-content\/uploads\/2022\/04\/Foto-3-1024x768-300x200.jpg\" width=\"300\" height=\"200\" class=\"wp-post-image wp-image-237\" title=\"Foto 3\" alt=\"Foto 3\"><\/a>            <\/dt>\n                    <\/dl>\n            <dl class=\"gallery-item\">\n            <dt class=\"gallery-icon\">\n            <a data-title=\"\" title=\"\" href=\"https:\/\/www.parkservice-am-airpark.de\/parken-baden-airpark\/wp-content\/uploads\/2022\/04\/IMG_0383.jpg\" data-rel=\"tb_defn711\" class=\"themify_lightbox\"><img loading=\"lazy\" decoding=\"async\" src=\"https:\/\/www.parkservice-am-airpark.de\/parken-baden-airpark\/wp-content\/uploads\/2022\/04\/IMG_0383-300x200.jpg\" width=\"300\" height=\"200\" class=\"wp-post-image wp-image-242\" title=\"IMG_0383\" alt=\"IMG_0383\"><\/a>            <\/dt>\n                    <\/dl>\n            <dl class=\"gallery-item\">\n            <dt class=\"gallery-icon\">\n            <a data-title=\"\" title=\"\" href=\"https:\/\/www.parkservice-am-airpark.de\/parken-baden-airpark\/wp-content\/uploads\/2022\/04\/IMG_0445.jpg\" data-rel=\"tb_defn711\" class=\"themify_lightbox\"><img loading=\"lazy\" decoding=\"async\" src=\"https:\/\/www.parkservice-am-airpark.de\/parken-baden-airpark\/wp-content\/uploads\/2022\/04\/IMG_0445-300x200.jpg\" width=\"300\" height=\"200\" class=\"wp-post-image wp-image-249\" title=\"IMG_0445\" alt=\"IMG_0445\"><\/a>            <\/dt>\n                    <\/dl>\n            <dl class=\"gallery-item\">\n            <dt class=\"gallery-icon\">\n            <a data-title=\"\" title=\"\" href=\"https:\/\/www.parkservice-am-airpark.de\/parken-baden-airpark\/wp-content\/uploads\/2022\/04\/IMG_0446.jpg\" data-rel=\"tb_defn711\" class=\"themify_lightbox\"><img loading=\"lazy\" decoding=\"async\" src=\"https:\/\/www.parkservice-am-airpark.de\/parken-baden-airpark\/wp-content\/uploads\/2022\/04\/IMG_0446-300x200.jpg\" width=\"300\" height=\"200\" class=\"wp-post-image wp-image-250\" title=\"IMG_0446\" alt=\"IMG_0446\"><\/a>            <\/dt>\n                    <\/dl>\n            <dl class=\"gallery-item\">\n            <dt class=\"gallery-icon\">\n            <a data-title=\"\" title=\"\" href=\"https:\/\/www.parkservice-am-airpark.de\/parken-baden-airpark\/wp-content\/uploads\/2022\/04\/IMG_0417.jpg\" data-rel=\"tb_defn711\" class=\"themify_lightbox\"><img loading=\"lazy\" decoding=\"async\" src=\"https:\/\/www.parkservice-am-airpark.de\/parken-baden-airpark\/wp-content\/uploads\/2022\/04\/IMG_0417-300x200.jpg\" width=\"300\" height=\"200\" class=\"wp-post-image wp-image-247\" title=\"IMG_0417\" alt=\"IMG_0417\"><\/a>            <\/dt>\n                    <\/dl>\n            <dl class=\"gallery-item\">\n            <dt class=\"gallery-icon\">\n            <a data-title=\"\" title=\"\" href=\"https:\/\/www.parkservice-am-airpark.de\/parken-baden-airpark\/wp-content\/uploads\/2022\/04\/IMG_0267.jpg\" data-rel=\"tb_defn711\" class=\"themify_lightbox\"><img loading=\"lazy\" decoding=\"async\" src=\"https:\/\/www.parkservice-am-airpark.de\/parken-baden-airpark\/wp-content\/uploads\/2022\/04\/IMG_0267-300x200.jpg\" width=\"300\" height=\"200\" class=\"wp-post-image wp-image-240\" title=\"IMG_0267\" alt=\"IMG_0267\"><\/a>            <\/dt>\n                    <\/dl>\n            <dl class=\"gallery-item\">\n            <dt class=\"gallery-icon\">\n            <a data-title=\"\" title=\"\" href=\"https:\/\/www.parkservice-am-airpark.de\/parken-baden-airpark\/wp-content\/uploads\/2022\/04\/IMG_0411.jpg\" data-rel=\"tb_defn711\" class=\"themify_lightbox\"><img loading=\"lazy\" decoding=\"async\" src=\"https:\/\/www.parkservice-am-airpark.de\/parken-baden-airpark\/wp-content\/uploads\/2022\/04\/IMG_0411-300x200.jpg\" width=\"300\" height=\"200\" class=\"wp-post-image wp-image-245\" title=\"IMG_0411\" alt=\"IMG_0411\"><\/a>            <\/dt>\n                    <\/dl>\n            <dl class=\"gallery-item\">\n            <dt class=\"gallery-icon\">\n            <a data-title=\"\" title=\"\" href=\"https:\/\/www.parkservice-am-airpark.de\/parken-baden-airpark\/wp-content\/uploads\/2022\/04\/IMG_0409.jpg\" data-rel=\"tb_defn711\" class=\"themify_lightbox\"><img loading=\"lazy\" decoding=\"async\" src=\"https:\/\/www.parkservice-am-airpark.de\/parken-baden-airpark\/wp-content\/uploads\/2022\/04\/IMG_0409-300x200.jpg\" width=\"300\" height=\"200\" class=\"wp-post-image wp-image-244\" title=\"IMG_0409\" alt=\"IMG_0409\"><\/a>            <\/dt>\n                    <\/dl>\n            <dl class=\"gallery-item\">\n            <dt class=\"gallery-icon\">\n            <a data-title=\"\" title=\"\" href=\"https:\/\/www.parkservice-am-airpark.de\/parken-baden-airpark\/wp-content\/uploads\/2022\/04\/IMG_0275.jpg\" data-rel=\"tb_defn711\" class=\"themify_lightbox\"><img loading=\"lazy\" decoding=\"async\" src=\"https:\/\/www.parkservice-am-airpark.de\/parken-baden-airpark\/wp-content\/uploads\/2022\/04\/IMG_0275-300x200.jpg\" width=\"300\" height=\"200\" class=\"wp-post-image wp-image-241\" title=\"IMG_0275\" alt=\"IMG_0275\"><\/a>            <\/dt>\n                    <\/dl>\n            <dl class=\"gallery-item\">\n            <dt class=\"gallery-icon\">\n            <a data-title=\"\" title=\"\" href=\"https:\/\/www.parkservice-am-airpark.de\/parken-baden-airpark\/wp-content\/uploads\/2022\/04\/IMG_0412.jpg\" data-rel=\"tb_defn711\" class=\"themify_lightbox\"><img loading=\"lazy\" decoding=\"async\" src=\"https:\/\/www.parkservice-am-airpark.de\/parken-baden-airpark\/wp-content\/uploads\/2022\/04\/IMG_0412-300x200.jpg\" width=\"300\" height=\"200\" class=\"wp-post-image wp-image-246\" title=\"IMG_0412\" alt=\"IMG_0412\"><\/a>            <\/dt>\n                    <\/dl>\n            <dl class=\"gallery-item\">\n            <dt class=\"gallery-icon\">\n            <a data-title=\"\" title=\"\" href=\"https:\/\/www.parkservice-am-airpark.de\/parken-baden-airpark\/wp-content\/uploads\/2022\/04\/IMG_0444.jpg\" data-rel=\"tb_defn711\" class=\"themify_lightbox\"><img loading=\"lazy\" decoding=\"async\" src=\"https:\/\/www.parkservice-am-airpark.de\/parken-baden-airpark\/wp-content\/uploads\/2022\/04\/IMG_0444-300x200.jpg\" width=\"300\" height=\"200\" class=\"wp-post-image wp-image-248\" title=\"IMG_0444\" alt=\"IMG_0444\"><\/a>            <\/dt>\n                    <\/dl>\n            <dl class=\"gallery-item\">\n            <dt class=\"gallery-icon\">\n            <a data-title=\"\" title=\"\" href=\"https:\/\/www.parkservice-am-airpark.de\/parken-baden-airpark\/wp-content\/uploads\/2022\/04\/IMG_0386.jpg\" data-rel=\"tb_defn711\" class=\"themify_lightbox\"><img loading=\"lazy\" decoding=\"async\" src=\"https:\/\/www.parkservice-am-airpark.de\/parken-baden-airpark\/wp-content\/uploads\/2022\/04\/IMG_0386-300x200.jpg\" width=\"300\" height=\"200\" class=\"wp-post-image wp-image-243\" title=\"IMG_0386\" alt=\"IMG_0386\"><\/a>            <\/dt>\n                    <\/dl>\n            <dl class=\"gallery-item\">\n            <dt class=\"gallery-icon\">\n            <a data-title=\"\" title=\"\" href=\"https:\/\/www.parkservice-am-airpark.de\/parken-baden-airpark\/wp-content\/uploads\/2022\/04\/autoparkend-scaled.jpg\" data-rel=\"tb_defn711\" class=\"themify_lightbox\"><img loading=\"lazy\" decoding=\"async\" src=\"https:\/\/www.parkservice-am-airpark.de\/parken-baden-airpark\/wp-content\/uploads\/2022\/04\/autoparkend-1024x768-300x200.jpg\" width=\"300\" height=\"200\" class=\"wp-post-image wp-image-231\" title=\"autoparkend\" alt=\"autoparkend\"><\/a>            <\/dt>\n                    <\/dl>\n            <dl class=\"gallery-item\">\n            <dt class=\"gallery-icon\">\n            <a data-title=\"\" title=\"\" href=\"https:\/\/www.parkservice-am-airpark.de\/parken-baden-airpark\/wp-content\/uploads\/2022\/04\/Flotte.jpg\" data-rel=\"tb_defn711\" class=\"themify_lightbox\"><img loading=\"lazy\" decoding=\"async\" src=\"https:\/\/www.parkservice-am-airpark.de\/parken-baden-airpark\/wp-content\/uploads\/2022\/04\/Flotte-300x200.jpg\" width=\"300\" height=\"200\" class=\"wp-post-image wp-image-234\" title=\"Flotte\" alt=\"Flotte\"><\/a>            <\/dt>\n                    <\/dl>\n            <dl class=\"gallery-item\">\n            <dt class=\"gallery-icon\">\n            <a data-title=\"\" title=\"\" href=\"https:\/\/www.parkservice-am-airpark.de\/parken-baden-airpark\/wp-content\/uploads\/2022\/04\/Parken-am-Baden-Airpark_03.jpg\" data-rel=\"tb_defn711\" class=\"themify_lightbox\"><img loading=\"lazy\" decoding=\"async\" src=\"https:\/\/www.parkservice-am-airpark.de\/parken-baden-airpark\/wp-content\/uploads\/2022\/04\/Parken-am-Baden-Airpark_03-300x200.jpg\" width=\"300\" height=\"200\" class=\"wp-post-image wp-image-253\" title=\"Parken-am-Baden-Airpark_03\" alt=\"Parken-am-Baden-Airpark_03\" srcset=\"https:\/\/www.parkservice-am-airpark.de\/parken-baden-airpark\/wp-content\/uploads\/2022\/04\/Parken-am-Baden-Airpark_03-300x200.jpg 300w, https:\/\/www.parkservice-am-airpark.de\/parken-baden-airpark\/wp-content\/uploads\/2022\/04\/Parken-am-Baden-Airpark_03-768x512.jpg 768w, https:\/\/www.parkservice-am-airpark.de\/parken-baden-airpark\/wp-content\/uploads\/2022\/04\/Parken-am-Baden-Airpark_03.jpg 800w\" sizes=\"auto, (max-width: 300px) 100vw, 300px\" \/><\/a>            <\/dt>\n                    <\/dl>\n            <dl class=\"gallery-item\">\n            <dt class=\"gallery-icon\">\n            <a data-title=\"\" title=\"\" href=\"https:\/\/www.parkservice-am-airpark.de\/parken-baden-airpark\/wp-content\/uploads\/2022\/04\/Parken-am-Baden-Airpark_04.jpg\" data-rel=\"tb_defn711\" class=\"themify_lightbox\"><img loading=\"lazy\" decoding=\"async\" src=\"https:\/\/www.parkservice-am-airpark.de\/parken-baden-airpark\/wp-content\/uploads\/2022\/04\/Parken-am-Baden-Airpark_04-300x200.jpg\" width=\"300\" height=\"200\" class=\"wp-post-image wp-image-254\" title=\"Parken-am-Baden-Airpark_04\" alt=\"Parken-am-Baden-Airpark_04\" srcset=\"https:\/\/www.parkservice-am-airpark.de\/parken-baden-airpark\/wp-content\/uploads\/2022\/04\/Parken-am-Baden-Airpark_04-300x200.jpg 300w, https:\/\/www.parkservice-am-airpark.de\/parken-baden-airpark\/wp-content\/uploads\/2022\/04\/Parken-am-Baden-Airpark_04-768x512.jpg 768w, https:\/\/www.parkservice-am-airpark.de\/parken-baden-airpark\/wp-content\/uploads\/2022\/04\/Parken-am-Baden-Airpark_04.jpg 800w\" sizes=\"auto, (max-width: 300px) 100vw, 300px\" \/><\/a>            <\/dt>\n                    <\/dl>\n            <dl class=\"gallery-item\">\n            <dt class=\"gallery-icon\">\n            <a data-title=\"\" title=\"\" href=\"https:\/\/www.parkservice-am-airpark.de\/parken-baden-airpark\/wp-content\/uploads\/2022\/04\/Parken-am-Baden-Airpark_07.jpg\" data-rel=\"tb_defn711\" class=\"themify_lightbox\"><img loading=\"lazy\" decoding=\"async\" src=\"https:\/\/www.parkservice-am-airpark.de\/parken-baden-airpark\/wp-content\/uploads\/2022\/04\/Parken-am-Baden-Airpark_07-300x200.jpg\" width=\"300\" height=\"200\" class=\"wp-post-image wp-image-257\" title=\"Parken-am-Baden-Airpark_07\" alt=\"Parken-am-Baden-Airpark_07\" srcset=\"https:\/\/www.parkservice-am-airpark.de\/parken-baden-airpark\/wp-content\/uploads\/2022\/04\/Parken-am-Baden-Airpark_07-300x200.jpg 300w, https:\/\/www.parkservice-am-airpark.de\/parken-baden-airpark\/wp-content\/uploads\/2022\/04\/Parken-am-Baden-Airpark_07-768x512.jpg 768w, https:\/\/www.parkservice-am-airpark.de\/parken-baden-airpark\/wp-content\/uploads\/2022\/04\/Parken-am-Baden-Airpark_07.jpg 800w\" sizes=\"auto, (max-width: 300px) 100vw, 300px\" \/><\/a>            <\/dt>\n                    <\/dl>\n            <dl class=\"gallery-item\">\n            <dt class=\"gallery-icon\">\n            <a data-title=\"\" title=\"\" href=\"https:\/\/www.parkservice-am-airpark.de\/parken-baden-airpark\/wp-content\/uploads\/2022\/04\/Parken-am-Baden-Airpark_08.jpg\" data-rel=\"tb_defn711\" class=\"themify_lightbox\"><img loading=\"lazy\" decoding=\"async\" src=\"https:\/\/www.parkservice-am-airpark.de\/parken-baden-airpark\/wp-content\/uploads\/2022\/04\/Parken-am-Baden-Airpark_08-300x200.jpg\" width=\"300\" height=\"200\" class=\"wp-post-image wp-image-258\" title=\"Parken-am-Baden-Airpark_08\" alt=\"Parken-am-Baden-Airpark_08\" srcset=\"https:\/\/www.parkservice-am-airpark.de\/parken-baden-airpark\/wp-content\/uploads\/2022\/04\/Parken-am-Baden-Airpark_08-300x200.jpg 300w, https:\/\/www.parkservice-am-airpark.de\/parken-baden-airpark\/wp-content\/uploads\/2022\/04\/Parken-am-Baden-Airpark_08-768x512.jpg 768w, https:\/\/www.parkservice-am-airpark.de\/parken-baden-airpark\/wp-content\/uploads\/2022\/04\/Parken-am-Baden-Airpark_08.jpg 800w\" sizes=\"auto, (max-width: 300px) 100vw, 300px\" \/><\/a>            <\/dt>\n                    <\/dl>\n            <dl class=\"gallery-item\">\n            <dt class=\"gallery-icon\">\n            <a data-title=\"\" title=\"\" href=\"https:\/\/www.parkservice-am-airpark.de\/parken-baden-airpark\/wp-content\/uploads\/2022\/04\/Parken-am-Baden-Airpark_10.jpg\" data-rel=\"tb_defn711\" class=\"themify_lightbox\"><img loading=\"lazy\" decoding=\"async\" src=\"https:\/\/www.parkservice-am-airpark.de\/parken-baden-airpark\/wp-content\/uploads\/2022\/04\/Parken-am-Baden-Airpark_10-300x200.jpg\" width=\"300\" height=\"200\" class=\"wp-post-image wp-image-259\" title=\"Parken-am-Baden-Airpark_10\" alt=\"Parken-am-Baden-Airpark_10\" srcset=\"https:\/\/www.parkservice-am-airpark.de\/parken-baden-airpark\/wp-content\/uploads\/2022\/04\/Parken-am-Baden-Airpark_10-300x200.jpg 300w, https:\/\/www.parkservice-am-airpark.de\/parken-baden-airpark\/wp-content\/uploads\/2022\/04\/Parken-am-Baden-Airpark_10-768x512.jpg 768w, https:\/\/www.parkservice-am-airpark.de\/parken-baden-airpark\/wp-content\/uploads\/2022\/04\/Parken-am-Baden-Airpark_10.jpg 800w\" sizes=\"auto, (max-width: 300px) 100vw, 300px\" \/><\/a>            <\/dt>\n                    <\/dl>\n    <\/div>\n<\/div>\n<!-- \/module gallery -->        <\/div>\n                    <\/div>\n                <div  data-lazy=\"1\" class=\"module_subrow themify_builder_sub_row tf_w col_align_top tb_col_count_1 tb_tilw757\">\n                <div  data-lazy=\"1\" class=\"module_column sub_column col-full tb_a2xf757 first\">\n                    <!-- module template_part -->\n<div  class=\"module module-layout-part tb_crs4758 \">\n    <div class=\"tb_layout_part_wrap tf_w\"><!--themify_builder_content-->\n    <div  class=\"themify_builder_content themify_builder_content-117 themify_builder not_editable_builder in_the_loop\" data-postid=\"117\">\n                        <div  data-lazy=\"1\" class=\"module_row themify_builder_row tb_3vx3175 tf_w\">\n                        <div class=\"row_inner col_align_top tb_col_count_1 tf_box tf_rel\">\n                        <div  data-lazy=\"1\" class=\"module_column tb-column col-full tb_uk3r176 first\">\n                    <!-- module text -->\n<div  class=\"module module-text tb_wgmy709   \" data-lazy=\"1\">\n        <div  class=\"tb_text_wrap\">\n        <footer class=\"art-footer\">\n<p style=\"text-align: center;\"><a href=\"https:\/\/www.parkservice-am-airpark.de\/parken-baden-airpark\/impressum\/\" target=\"_self\">Impressum<\/a> | <a href=\"https:\/\/www.parkservice-am-airpark.de\/parken-baden-airpark\/datenschutzerklarung\/\" target=\"_self\">Datenschutz<\/a> | <a href=\"https:\/\/www.parkservice-am-airpark.de\/parken-baden-airpark\/agb\/\" target=\"_self\">AGB<\/a><\/p>\n<p style=\"text-align: center;\">Copyright \u00a9 2013 &#8211; 2026 Parkservice am Baden Airpark<\/p>\n<\/footer>    <\/div>\n<\/div>\n<!-- \/module text -->        <\/div>\n                        <\/div>\n        <\/div>\n            <\/div>\n<!--\/themify_builder_content--><\/div>\n<\/div>\n<!-- \/module template_part -->        <\/div>\n                    <\/div>\n                <\/div>\n                        <\/div>\n        <\/div>\n        <\/div>\n<!--\/themify_builder_content-->","protected":false},"excerpt":{"rendered":"<p>Parkserviceam Baden AirparkPoststra\u00dfe 30a77836 Rheinm\u00fcnster (S\u00f6llingen) Tel:07227 \/ 31 14Fax:07227\/99 42 901Mobil: 0163 \/ 92 38 300 E-MailReservierungAnfahrt Ank\u00fcnfteAbfl\u00fcge \u00dcbernachtungen B\u00fcrozeitenMontag &#8211; Freitag08:00 &#8211; 12:00 Uhr14:00 &#8211; 20:00 Uhr Wenn Sie zus\u00e4tzlich ein Zimmer bei uns zur \u00dcbernachtung buchen wollen,reservieren Sie dieses mit Klick auf Zimmerbuchung Zimmer buchen Galerie Parkhalle Verschaffen Sie sich einen ersten [&hellip;]<\/p>\n","protected":false},"author":1,"featured_media":0,"parent":0,"menu_order":0,"comment_status":"closed","ping_status":"closed","template":"","meta":{"footnotes":""},"class_list":["post-165","page","type-page","status-publish","hentry","has-post-title","has-post-date","has-post-category","has-post-tag","has-post-comment","has-post-author",""],"builder_content":"<img src=\"data:image\/svg+xml,%3Csvg%20xmlns=%27http:\/\/www.w3.org\/2000\/svg%27%20width='980'%20height='200'%20viewBox=%270%200%20980%20200%27%3E%3C\/svg%3E\" loading=\"lazy\" data-lazy=\"1\" data-tf-not-load=\"1\" style=\"background:linear-gradient(to right,#ffffff 25%,#ffffff 25% 50%,#ffffff 50% 75%,#a77d64 75%),linear-gradient(to right,#ffffff 25%,#ffffff 25% 50%,#ffffff 50% 75%,#b5c0c6 75%),linear-gradient(to right,#ffffff 25%,#ffffff 25% 50%,#ffffff 50% 75%,#afbec5 75%),linear-gradient(to right,#8f8f8f 25%,#676767 25% 50%,#676767 50% 75%,#696564 75%)\" decoding=\"async\" width=\"980\" height=\"200\" data-tf-src=\"https:\/\/www.parkservice-am-airpark.de\/parken-baden-airpark\/wp-content\/uploads\/2022\/04\/1_2fa67f482133f1c934235b73c2a03954_s.jpg\" title=\"1_2fa67f482133f1c934235b73c2a03954_s\" alt=\"1_2fa67f482133f1c934235b73c2a03954_s\" data-tf-srcset=\"https:\/\/www.parkservice-am-airpark.de\/parken-baden-airpark\/wp-content\/uploads\/2022\/04\/1_2fa67f482133f1c934235b73c2a03954_s.jpg 980w, https:\/\/www.parkservice-am-airpark.de\/parken-baden-airpark\/wp-content\/uploads\/2022\/04\/1_2fa67f482133f1c934235b73c2a03954_s-300x61.jpg 300w, https:\/\/www.parkservice-am-airpark.de\/parken-baden-airpark\/wp-content\/uploads\/2022\/04\/1_2fa67f482133f1c934235b73c2a03954_s-768x157.jpg 768w\" data-tf-sizes=\"(max-width: 980px) 100vw, 980px\" \/><noscript><img data-tf-not-load data-no-script src=\"https:\/\/www.parkservice-am-airpark.de\/parken-baden-airpark\/wp-content\/uploads\/2022\/04\/1_2fa67f482133f1c934235b73c2a03954_s.jpg\" title=\"1_2fa67f482133f1c934235b73c2a03954_s\" alt=\"1_2fa67f482133f1c934235b73c2a03954_s\" srcset=\"https:\/\/www.parkservice-am-airpark.de\/parken-baden-airpark\/wp-content\/uploads\/2022\/04\/1_2fa67f482133f1c934235b73c2a03954_s.jpg 980w, https:\/\/www.parkservice-am-airpark.de\/parken-baden-airpark\/wp-content\/uploads\/2022\/04\/1_2fa67f482133f1c934235b73c2a03954_s-300x61.jpg 300w, https:\/\/www.parkservice-am-airpark.de\/parken-baden-airpark\/wp-content\/uploads\/2022\/04\/1_2fa67f482133f1c934235b73c2a03954_s-768x157.jpg 768w\" sizes=\"(max-width: 980px) 100vw, 980px\" \/><\/noscript> <img src=\"data:image\/svg+xml,%3Csvg%20xmlns=%27http:\/\/www.w3.org\/2000\/svg%27%20width='980'%20height='200'%20viewBox=%270%200%20980%20200%27%3E%3C\/svg%3E\" loading=\"lazy\" data-lazy=\"1\" data-tf-not-load=\"1\" style=\"background:linear-gradient(to right,#ffffff 25%,#ffffff 25% 50%,#ffffff 50% 75%,#8d8d85 75%),linear-gradient(to right,#ffffff 25%,#ffffff 25% 50%,#ffffff 50% 75%,#9cb8bc 75%),linear-gradient(to right,#ffffff 25%,#ffffff 25% 50%,#ffffff 50% 75%,#1f262c 75%),linear-gradient(to right,#8f8f8f 25%,#676767 25% 50%,#676767 50% 75%,#686763 75%)\" decoding=\"async\" width=\"980\" height=\"200\" data-tf-src=\"https:\/\/www.parkservice-am-airpark.de\/parken-baden-airpark\/wp-content\/uploads\/2022\/04\/Header-parkservice-baden-baden-h2.jpg\" title=\"Header-parkservice-baden-baden-h2\" alt=\"Header-parkservice-baden-baden-h2\" data-tf-srcset=\"https:\/\/www.parkservice-am-airpark.de\/parken-baden-airpark\/wp-content\/uploads\/2022\/04\/Header-parkservice-baden-baden-h2.jpg 980w, https:\/\/www.parkservice-am-airpark.de\/parken-baden-airpark\/wp-content\/uploads\/2022\/04\/Header-parkservice-baden-baden-h2-300x61.jpg 300w, https:\/\/www.parkservice-am-airpark.de\/parken-baden-airpark\/wp-content\/uploads\/2022\/04\/Header-parkservice-baden-baden-h2-768x157.jpg 768w\" data-tf-sizes=\"(max-width: 980px) 100vw, 980px\" \/><noscript><img data-tf-not-load data-no-script src=\"https:\/\/www.parkservice-am-airpark.de\/parken-baden-airpark\/wp-content\/uploads\/2022\/04\/Header-parkservice-baden-baden-h2.jpg\" title=\"Header-parkservice-baden-baden-h2\" alt=\"Header-parkservice-baden-baden-h2\" srcset=\"https:\/\/www.parkservice-am-airpark.de\/parken-baden-airpark\/wp-content\/uploads\/2022\/04\/Header-parkservice-baden-baden-h2.jpg 980w, https:\/\/www.parkservice-am-airpark.de\/parken-baden-airpark\/wp-content\/uploads\/2022\/04\/Header-parkservice-baden-baden-h2-300x61.jpg 300w, https:\/\/www.parkservice-am-airpark.de\/parken-baden-airpark\/wp-content\/uploads\/2022\/04\/Header-parkservice-baden-baden-h2-768x157.jpg 768w\" sizes=\"(max-width: 980px) 100vw, 980px\" \/><\/noscript> <img src=\"data:image\/svg+xml,%3Csvg%20xmlns=%27http:\/\/www.w3.org\/2000\/svg%27%20width='980'%20height='200'%20viewBox=%270%200%20980%20200%27%3E%3C\/svg%3E\" loading=\"lazy\" data-lazy=\"1\" data-tf-not-load=\"1\" style=\"background:linear-gradient(to right,#ffffff 25%,#ffffff 25% 50%,#ffffff 50% 75%,#ffffff 75%),linear-gradient(to right,#ffffff 25%,#ffffff 25% 50%,#fefefe 50% 75%,#817372 75%),linear-gradient(to right,#ffffff 25%,#ffffff 25% 50%,#ffffff 50% 75%,#464543 75%),linear-gradient(to right,#8f8f8f 25%,#676767 25% 50%,#676767 50% 75%,#6c6a6d 75%)\" decoding=\"async\" width=\"980\" height=\"200\" data-tf-src=\"https:\/\/www.parkservice-am-airpark.de\/parken-baden-airpark\/wp-content\/uploads\/2022\/04\/3_94d43e327d9303539cb1e2aac7032668_s.jpg\" title=\"3_94d43e327d9303539cb1e2aac7032668_s\" alt=\"3_94d43e327d9303539cb1e2aac7032668_s\" data-tf-srcset=\"https:\/\/www.parkservice-am-airpark.de\/parken-baden-airpark\/wp-content\/uploads\/2022\/04\/3_94d43e327d9303539cb1e2aac7032668_s.jpg 980w, https:\/\/www.parkservice-am-airpark.de\/parken-baden-airpark\/wp-content\/uploads\/2022\/04\/3_94d43e327d9303539cb1e2aac7032668_s-300x61.jpg 300w, https:\/\/www.parkservice-am-airpark.de\/parken-baden-airpark\/wp-content\/uploads\/2022\/04\/3_94d43e327d9303539cb1e2aac7032668_s-768x157.jpg 768w\" data-tf-sizes=\"(max-width: 980px) 100vw, 980px\" \/><noscript><img data-tf-not-load data-no-script src=\"https:\/\/www.parkservice-am-airpark.de\/parken-baden-airpark\/wp-content\/uploads\/2022\/04\/3_94d43e327d9303539cb1e2aac7032668_s.jpg\" title=\"3_94d43e327d9303539cb1e2aac7032668_s\" alt=\"3_94d43e327d9303539cb1e2aac7032668_s\" srcset=\"https:\/\/www.parkservice-am-airpark.de\/parken-baden-airpark\/wp-content\/uploads\/2022\/04\/3_94d43e327d9303539cb1e2aac7032668_s.jpg 980w, https:\/\/www.parkservice-am-airpark.de\/parken-baden-airpark\/wp-content\/uploads\/2022\/04\/3_94d43e327d9303539cb1e2aac7032668_s-300x61.jpg 300w, https:\/\/www.parkservice-am-airpark.de\/parken-baden-airpark\/wp-content\/uploads\/2022\/04\/3_94d43e327d9303539cb1e2aac7032668_s-768x157.jpg 768w\" sizes=\"(max-width: 980px) 100vw, 980px\" \/><\/noscript> <img src=\"data:image\/svg+xml,%3Csvg%20xmlns=%27http:\/\/www.w3.org\/2000\/svg%27%20width='980'%20height='200'%20viewBox=%270%200%20980%20200%27%3E%3C\/svg%3E\" loading=\"lazy\" data-lazy=\"1\" data-tf-not-load=\"1\" style=\"background:linear-gradient(to right,#ffffff 25%,#c4906b 25% 50%,#30332c 50% 75%,#222f42 75%),linear-gradient(to right,#ffffff 25%,#4c3d3a 25% 50%,#395b77 50% 75%,#16192a 75%),linear-gradient(to right,#ffffff 25%,#050409 25% 50%,#abaaa8 50% 75%,#40353b 75%),linear-gradient(to right,#848484 25%,#666666 25% 50%,#666465 50% 75%,#696969 75%)\" decoding=\"async\" width=\"980\" height=\"200\" data-tf-src=\"https:\/\/www.parkservice-am-airpark.de\/parken-baden-airpark\/wp-content\/uploads\/2022\/04\/4_2ff2ba0051687eef5ca0459cf942940c_s.jpg\" title=\"4_2ff2ba0051687eef5ca0459cf942940c_s\" alt=\"4_2ff2ba0051687eef5ca0459cf942940c_s\" data-tf-srcset=\"https:\/\/www.parkservice-am-airpark.de\/parken-baden-airpark\/wp-content\/uploads\/2022\/04\/4_2ff2ba0051687eef5ca0459cf942940c_s.jpg 980w, https:\/\/www.parkservice-am-airpark.de\/parken-baden-airpark\/wp-content\/uploads\/2022\/04\/4_2ff2ba0051687eef5ca0459cf942940c_s-300x61.jpg 300w, https:\/\/www.parkservice-am-airpark.de\/parken-baden-airpark\/wp-content\/uploads\/2022\/04\/4_2ff2ba0051687eef5ca0459cf942940c_s-768x157.jpg 768w\" data-tf-sizes=\"(max-width: 980px) 100vw, 980px\" \/><noscript><img data-tf-not-load data-no-script src=\"https:\/\/www.parkservice-am-airpark.de\/parken-baden-airpark\/wp-content\/uploads\/2022\/04\/4_2ff2ba0051687eef5ca0459cf942940c_s.jpg\" title=\"4_2ff2ba0051687eef5ca0459cf942940c_s\" alt=\"4_2ff2ba0051687eef5ca0459cf942940c_s\" srcset=\"https:\/\/www.parkservice-am-airpark.de\/parken-baden-airpark\/wp-content\/uploads\/2022\/04\/4_2ff2ba0051687eef5ca0459cf942940c_s.jpg 980w, https:\/\/www.parkservice-am-airpark.de\/parken-baden-airpark\/wp-content\/uploads\/2022\/04\/4_2ff2ba0051687eef5ca0459cf942940c_s-300x61.jpg 300w, https:\/\/www.parkservice-am-airpark.de\/parken-baden-airpark\/wp-content\/uploads\/2022\/04\/4_2ff2ba0051687eef5ca0459cf942940c_s-768x157.jpg 768w\" sizes=\"(max-width: 980px) 100vw, 980px\" \/><\/noscript>\n<h2>Galerie Parkhalle<\/h2> <p>Verschaffen Sie sich einen ersten Eindruck \u00fcber unsere Parkhalle.<\/p> \u00a0\n[gallery ids=\"239,251,260,256,255,238,235,233,236,252,232,237,242,249,250,247,240,245,244,241,246,248,243,231,234,253,254,257,258,259\"]","_links":{"self":[{"href":"https:\/\/www.parkservice-am-airpark.de\/parken-baden-airpark\/wp-json\/wp\/v2\/pages\/165","targetHints":{"allow":["GET"]}}],"collection":[{"href":"https:\/\/www.parkservice-am-airpark.de\/parken-baden-airpark\/wp-json\/wp\/v2\/pages"}],"about":[{"href":"https:\/\/www.parkservice-am-airpark.de\/parken-baden-airpark\/wp-json\/wp\/v2\/types\/page"}],"author":[{"embeddable":true,"href":"https:\/\/www.parkservice-am-airpark.de\/parken-baden-airpark\/wp-json\/wp\/v2\/users\/1"}],"replies":[{"embeddable":true,"href":"https:\/\/www.parkservice-am-airpark.de\/parken-baden-airpark\/wp-json\/wp\/v2\/comments?post=165"}],"version-history":[{"count":9,"href":"https:\/\/www.parkservice-am-airpark.de\/parken-baden-airpark\/wp-json\/wp\/v2\/pages\/165\/revisions"}],"predecessor-version":[{"id":464,"href":"https:\/\/www.parkservice-am-airpark.de\/parken-baden-airpark\/wp-json\/wp\/v2\/pages\/165\/revisions\/464"}],"wp:attachment":[{"href":"https:\/\/www.parkservice-am-airpark.de\/parken-baden-airpark\/wp-json\/wp\/v2\/media?parent=165"}],"curies":[{"name":"wp","href":"https:\/\/api.w.org\/{rel}","templated":true}]}}