{"id":186,"date":"2022-04-25T13:54:50","date_gmt":"2022-04-25T11:54:50","guid":{"rendered":"https:\/\/www.parkservice-am-airpark.de\/parken-baden-airpark\/impressum-copy\/"},"modified":"2025-08-18T12:00:56","modified_gmt":"2025-08-18T10:00:56","slug":"agb","status":"publish","type":"page","link":"https:\/\/www.parkservice-am-airpark.de\/parken-baden-airpark\/agb\/","title":{"rendered":"AGB"},"content":{"rendered":"<!--themify_builder_content-->\n<div id=\"themify_builder_content-186\" data-postid=\"186\" class=\"themify_builder_content themify_builder_content-186 themify_builder tf_clear\">\n                    <div  data-anchor=\"content\" data-hide-anchor=\"1\" data-css_id=\"nda3286\" data-lazy=\"1\" class=\"module_row themify_builder_row fullwidth_row_container tb_has_section tb_section-content tb_gs345f0 tb_nda3286 tb_first tf_w\">\n                        <div class=\"row_inner col_align_top tb_col_count_1 tf_box tf_rel\">\n                        <div  data-lazy=\"1\" class=\"module_column tb-column col-full tb_4ukv287 first\">\n                    <div  class=\"module themify_builder_slider_wrap tf_clearfix module-slider tb_caem288  slider-default  \" data-lazy=\"1\">\n        <div class=\"themify_builder_slider tf_carousel tf_swiper-container tf_rel tf_overflow\" data-lazy=\"1\"        data-visible=\"1\"\n        data-tab-visible=\"1\"\n        data-mob-visible=\"1\"\n        data-scroll=\"1\"\n                            data-auto=\"4000\"\n            data-controller=\"0\"\n            data-pause_hover=\"1\"\n                data-speed=\"slow\"\n        data-wrapvar=\"1\"\n        data-slider_nav=\"0\"\n        data-pager=\"0\"\n        data-effect=\"fade\" \n        data-height=\"variable\"\n        data-css_url=\"https:\/\/www.parkservice-am-airpark.de\/parken-baden-airpark\/wp-content\/themes\/themify-ultra\/themify\/themify-builder\/css\/modules\/sliders\/carousel,https:\/\/www.parkservice-am-airpark.de\/parken-baden-airpark\/wp-content\/themes\/themify-ultra\/themify\/themify-builder\/css\/modules\/sliders\/slider\"\n                    >\n        <div class=\"tf_swiper-wrapper tf_lazy tf_rel tf_w tf_h tf_textc\">\n                         <div class=\"tf_swiper-slide\">            <div class=\"slide-inner-wrap\">\n                                    <div class=\"tf_rel tf_lazy slide-image\">\n                                                                            <img src=\"data:image\/svg+xml,%3Csvg%20xmlns=%27http:\/\/www.w3.org\/2000\/svg%27%20width='980'%20height='200'%20viewBox=%270%200%20980%20200%27%3E%3C\/svg%3E\" loading=\"lazy\" data-lazy=\"1\" data-tf-not-load=\"1\" style=\"background:linear-gradient(to right,#ffffff 25%,#ffffff 25% 50%,#ffffff 50% 75%,#a77d64 75%),linear-gradient(to right,#ffffff 25%,#ffffff 25% 50%,#ffffff 50% 75%,#b5c0c6 75%),linear-gradient(to right,#ffffff 25%,#ffffff 25% 50%,#ffffff 50% 75%,#afbec5 75%),linear-gradient(to right,#8f8f8f 25%,#676767 25% 50%,#676767 50% 75%,#696564 75%)\" decoding=\"async\" width=\"980\" height=\"200\" data-tf-src=\"https:\/\/www.parkservice-am-airpark.de\/parken-baden-airpark\/wp-content\/uploads\/2022\/04\/1_2fa67f482133f1c934235b73c2a03954_s.jpg\" class=\"tf_svg_lazy wp-post-image wp-image-41\" title=\"1_2fa67f482133f1c934235b73c2a03954_s\" alt=\"1_2fa67f482133f1c934235b73c2a03954_s\" data-tf-srcset=\"https:\/\/www.parkservice-am-airpark.de\/parken-baden-airpark\/wp-content\/uploads\/2022\/04\/1_2fa67f482133f1c934235b73c2a03954_s.jpg 980w, https:\/\/www.parkservice-am-airpark.de\/parken-baden-airpark\/wp-content\/uploads\/2022\/04\/1_2fa67f482133f1c934235b73c2a03954_s-300x61.jpg 300w, https:\/\/www.parkservice-am-airpark.de\/parken-baden-airpark\/wp-content\/uploads\/2022\/04\/1_2fa67f482133f1c934235b73c2a03954_s-768x157.jpg 768w\" data-tf-sizes=\"(max-width: 980px) 100vw, 980px\" \/><noscript><img loading=\"lazy\" decoding=\"async\" width=\"980\" height=\"200\" data-tf-not-load data-no-script src=\"https:\/\/www.parkservice-am-airpark.de\/parken-baden-airpark\/wp-content\/uploads\/2022\/04\/1_2fa67f482133f1c934235b73c2a03954_s.jpg\" class=\"wp-post-image wp-image-41\" title=\"1_2fa67f482133f1c934235b73c2a03954_s\" alt=\"1_2fa67f482133f1c934235b73c2a03954_s\" srcset=\"https:\/\/www.parkservice-am-airpark.de\/parken-baden-airpark\/wp-content\/uploads\/2022\/04\/1_2fa67f482133f1c934235b73c2a03954_s.jpg 980w, https:\/\/www.parkservice-am-airpark.de\/parken-baden-airpark\/wp-content\/uploads\/2022\/04\/1_2fa67f482133f1c934235b73c2a03954_s-300x61.jpg 300w, https:\/\/www.parkservice-am-airpark.de\/parken-baden-airpark\/wp-content\/uploads\/2022\/04\/1_2fa67f482133f1c934235b73c2a03954_s-768x157.jpg 768w\" sizes=\"auto, (max-width: 980px) 100vw, 980px\" \/><\/noscript>                                            <\/div>\n                \n                            <\/div>\n        <\/div>                     <div class=\"tf_swiper-slide\" style=\"content-visibility:hidden\">            <div class=\"slide-inner-wrap\">\n                                    <div class=\"tf_rel tf_lazy slide-image\">\n                                                                            <img src=\"data:image\/svg+xml,%3Csvg%20xmlns=%27http:\/\/www.w3.org\/2000\/svg%27%20width='980'%20height='200'%20viewBox=%270%200%20980%20200%27%3E%3C\/svg%3E\" loading=\"lazy\" data-lazy=\"1\" data-tf-not-load=\"1\" style=\"background:linear-gradient(to right,#ffffff 25%,#ffffff 25% 50%,#ffffff 50% 75%,#8d8d85 75%),linear-gradient(to right,#ffffff 25%,#ffffff 25% 50%,#ffffff 50% 75%,#9cb8bc 75%),linear-gradient(to right,#ffffff 25%,#ffffff 25% 50%,#ffffff 50% 75%,#1f262c 75%),linear-gradient(to right,#8f8f8f 25%,#676767 25% 50%,#676767 50% 75%,#686763 75%)\" decoding=\"async\" width=\"980\" height=\"200\" data-tf-src=\"https:\/\/www.parkservice-am-airpark.de\/parken-baden-airpark\/wp-content\/uploads\/2022\/04\/Header-parkservice-baden-baden-h2.jpg\" class=\"tf_svg_lazy wp-post-image wp-image-44\" title=\"Header-parkservice-baden-baden-h2\" alt=\"Header-parkservice-baden-baden-h2\" data-tf-srcset=\"https:\/\/www.parkservice-am-airpark.de\/parken-baden-airpark\/wp-content\/uploads\/2022\/04\/Header-parkservice-baden-baden-h2.jpg 980w, https:\/\/www.parkservice-am-airpark.de\/parken-baden-airpark\/wp-content\/uploads\/2022\/04\/Header-parkservice-baden-baden-h2-300x61.jpg 300w, https:\/\/www.parkservice-am-airpark.de\/parken-baden-airpark\/wp-content\/uploads\/2022\/04\/Header-parkservice-baden-baden-h2-768x157.jpg 768w\" data-tf-sizes=\"(max-width: 980px) 100vw, 980px\" \/><noscript><img loading=\"lazy\" decoding=\"async\" width=\"980\" height=\"200\" data-tf-not-load data-no-script src=\"https:\/\/www.parkservice-am-airpark.de\/parken-baden-airpark\/wp-content\/uploads\/2022\/04\/Header-parkservice-baden-baden-h2.jpg\" class=\"wp-post-image wp-image-44\" title=\"Header-parkservice-baden-baden-h2\" alt=\"Header-parkservice-baden-baden-h2\" srcset=\"https:\/\/www.parkservice-am-airpark.de\/parken-baden-airpark\/wp-content\/uploads\/2022\/04\/Header-parkservice-baden-baden-h2.jpg 980w, https:\/\/www.parkservice-am-airpark.de\/parken-baden-airpark\/wp-content\/uploads\/2022\/04\/Header-parkservice-baden-baden-h2-300x61.jpg 300w, https:\/\/www.parkservice-am-airpark.de\/parken-baden-airpark\/wp-content\/uploads\/2022\/04\/Header-parkservice-baden-baden-h2-768x157.jpg 768w\" sizes=\"auto, (max-width: 980px) 100vw, 980px\" \/><\/noscript>                                            <\/div>\n                \n                            <\/div>\n        <\/div>                     <div class=\"tf_swiper-slide\" style=\"content-visibility:hidden\">            <div class=\"slide-inner-wrap\">\n                                    <div class=\"tf_rel tf_lazy slide-image\">\n                                                                            <img src=\"data:image\/svg+xml,%3Csvg%20xmlns=%27http:\/\/www.w3.org\/2000\/svg%27%20width='980'%20height='200'%20viewBox=%270%200%20980%20200%27%3E%3C\/svg%3E\" loading=\"lazy\" data-lazy=\"1\" data-tf-not-load=\"1\" style=\"background:linear-gradient(to right,#ffffff 25%,#ffffff 25% 50%,#ffffff 50% 75%,#ffffff 75%),linear-gradient(to right,#ffffff 25%,#ffffff 25% 50%,#fefefe 50% 75%,#817372 75%),linear-gradient(to right,#ffffff 25%,#ffffff 25% 50%,#ffffff 50% 75%,#464543 75%),linear-gradient(to right,#8f8f8f 25%,#676767 25% 50%,#676767 50% 75%,#6c6a6d 75%)\" decoding=\"async\" width=\"980\" height=\"200\" data-tf-src=\"https:\/\/www.parkservice-am-airpark.de\/parken-baden-airpark\/wp-content\/uploads\/2022\/04\/3_94d43e327d9303539cb1e2aac7032668_s.jpg\" class=\"tf_svg_lazy wp-post-image wp-image-42\" title=\"3_94d43e327d9303539cb1e2aac7032668_s\" alt=\"3_94d43e327d9303539cb1e2aac7032668_s\" data-tf-srcset=\"https:\/\/www.parkservice-am-airpark.de\/parken-baden-airpark\/wp-content\/uploads\/2022\/04\/3_94d43e327d9303539cb1e2aac7032668_s.jpg 980w, https:\/\/www.parkservice-am-airpark.de\/parken-baden-airpark\/wp-content\/uploads\/2022\/04\/3_94d43e327d9303539cb1e2aac7032668_s-300x61.jpg 300w, https:\/\/www.parkservice-am-airpark.de\/parken-baden-airpark\/wp-content\/uploads\/2022\/04\/3_94d43e327d9303539cb1e2aac7032668_s-768x157.jpg 768w\" data-tf-sizes=\"(max-width: 980px) 100vw, 980px\" \/><noscript><img loading=\"lazy\" decoding=\"async\" width=\"980\" height=\"200\" data-tf-not-load data-no-script src=\"https:\/\/www.parkservice-am-airpark.de\/parken-baden-airpark\/wp-content\/uploads\/2022\/04\/3_94d43e327d9303539cb1e2aac7032668_s.jpg\" class=\"wp-post-image wp-image-42\" title=\"3_94d43e327d9303539cb1e2aac7032668_s\" alt=\"3_94d43e327d9303539cb1e2aac7032668_s\" srcset=\"https:\/\/www.parkservice-am-airpark.de\/parken-baden-airpark\/wp-content\/uploads\/2022\/04\/3_94d43e327d9303539cb1e2aac7032668_s.jpg 980w, https:\/\/www.parkservice-am-airpark.de\/parken-baden-airpark\/wp-content\/uploads\/2022\/04\/3_94d43e327d9303539cb1e2aac7032668_s-300x61.jpg 300w, https:\/\/www.parkservice-am-airpark.de\/parken-baden-airpark\/wp-content\/uploads\/2022\/04\/3_94d43e327d9303539cb1e2aac7032668_s-768x157.jpg 768w\" sizes=\"auto, (max-width: 980px) 100vw, 980px\" \/><\/noscript>                                            <\/div>\n                \n                            <\/div>\n        <\/div>                     <div class=\"tf_swiper-slide\" style=\"content-visibility:hidden\">            <div class=\"slide-inner-wrap\">\n                                    <div class=\"tf_rel tf_lazy slide-image\">\n                                                                            <img src=\"data:image\/svg+xml,%3Csvg%20xmlns=%27http:\/\/www.w3.org\/2000\/svg%27%20width='980'%20height='200'%20viewBox=%270%200%20980%20200%27%3E%3C\/svg%3E\" loading=\"lazy\" data-lazy=\"1\" data-tf-not-load=\"1\" style=\"background:linear-gradient(to right,#ffffff 25%,#c4906b 25% 50%,#30332c 50% 75%,#222f42 75%),linear-gradient(to right,#ffffff 25%,#4c3d3a 25% 50%,#395b77 50% 75%,#16192a 75%),linear-gradient(to right,#ffffff 25%,#050409 25% 50%,#abaaa8 50% 75%,#40353b 75%),linear-gradient(to right,#848484 25%,#666666 25% 50%,#666465 50% 75%,#696969 75%)\" decoding=\"async\" width=\"980\" height=\"200\" data-tf-src=\"https:\/\/www.parkservice-am-airpark.de\/parken-baden-airpark\/wp-content\/uploads\/2022\/04\/4_2ff2ba0051687eef5ca0459cf942940c_s.jpg\" class=\"tf_svg_lazy wp-post-image wp-image-43\" title=\"4_2ff2ba0051687eef5ca0459cf942940c_s\" alt=\"4_2ff2ba0051687eef5ca0459cf942940c_s\" data-tf-srcset=\"https:\/\/www.parkservice-am-airpark.de\/parken-baden-airpark\/wp-content\/uploads\/2022\/04\/4_2ff2ba0051687eef5ca0459cf942940c_s.jpg 980w, https:\/\/www.parkservice-am-airpark.de\/parken-baden-airpark\/wp-content\/uploads\/2022\/04\/4_2ff2ba0051687eef5ca0459cf942940c_s-300x61.jpg 300w, https:\/\/www.parkservice-am-airpark.de\/parken-baden-airpark\/wp-content\/uploads\/2022\/04\/4_2ff2ba0051687eef5ca0459cf942940c_s-768x157.jpg 768w\" data-tf-sizes=\"(max-width: 980px) 100vw, 980px\" \/><noscript><img loading=\"lazy\" decoding=\"async\" width=\"980\" height=\"200\" data-tf-not-load data-no-script src=\"https:\/\/www.parkservice-am-airpark.de\/parken-baden-airpark\/wp-content\/uploads\/2022\/04\/4_2ff2ba0051687eef5ca0459cf942940c_s.jpg\" class=\"wp-post-image wp-image-43\" title=\"4_2ff2ba0051687eef5ca0459cf942940c_s\" alt=\"4_2ff2ba0051687eef5ca0459cf942940c_s\" srcset=\"https:\/\/www.parkservice-am-airpark.de\/parken-baden-airpark\/wp-content\/uploads\/2022\/04\/4_2ff2ba0051687eef5ca0459cf942940c_s.jpg 980w, https:\/\/www.parkservice-am-airpark.de\/parken-baden-airpark\/wp-content\/uploads\/2022\/04\/4_2ff2ba0051687eef5ca0459cf942940c_s-300x61.jpg 300w, https:\/\/www.parkservice-am-airpark.de\/parken-baden-airpark\/wp-content\/uploads\/2022\/04\/4_2ff2ba0051687eef5ca0459cf942940c_s-768x157.jpg 768w\" sizes=\"auto, (max-width: 980px) 100vw, 980px\" \/><\/noscript>                                            <\/div>\n                \n                            <\/div>\n        <\/div>            <\/div>\n    <\/div>\n<\/div>\n        <div  data-lazy=\"1\" class=\"module_subrow themify_builder_sub_row tf_w col_align_top tb_col_count_2 tb_ozf0289\">\n                <div  data-lazy=\"1\" class=\"module_column sub_column col4-1 tb_849i289 first\">\n                    <!-- module template_part -->\n<div  class=\"module module-layout-part tb_4uac289 \">\n    <div class=\"tb_layout_part_wrap tf_w\"><!--themify_builder_content-->\n    <div  class=\"themify_builder_content themify_builder_content-111 themify_builder not_editable_builder in_the_loop\" data-postid=\"111\">\n                        <div  data-lazy=\"1\" class=\"module_row themify_builder_row tb_v2ph951 tf_w\">\n                        <div class=\"row_inner col_align_top tb_col_count_1 tf_box tf_rel\">\n                        <div  data-lazy=\"1\" class=\"module_column tb-column col-full tb_dixy952 first\">\n                    <!-- module text -->\n<div  class=\"module module-text tb_jm0k459   \" data-lazy=\"1\">\n        <div  class=\"tb_text_wrap\">\n        <p><strong>Parkservice<\/strong><br><strong>am Baden Airpark<\/strong><br>Halifax Avenue B 420<br>77836 Rheinm\u00fcnster<br><b>Mobil: 0163 9238300<\/b><\/p>\n<p><strong style=\"background-color: initial;\"><span id=\"cloakcf6409d37f0bd6f2690dd583209653b6\"><a href=\"mailto:info@parkservice-am-airpark.de\">E-Mail<\/a><\/span><\/strong><\/p>\n<p><strong><a title=\"Reservierung\" href=\"https:\/\/www.parkservice-am-airpark.de\/parken-baden-airpark\/reservierung\/\">Reservierungsanfrage<\/a><br><a href=\"https:\/\/www.parkservice-am-airpark.de\/parken-baden-airpark\/parkgebuhr\/\">Parkgeb\u00fchr<\/a><\/strong><br><strong><a title=\"Anfahrt\" href=\"https:\/\/www.parkservice-am-airpark.de\/parken-baden-airpark\/kontakt\/\">Anfahrt<\/a><\/strong><\/p>\n<p><strong><a title=\"Ank\u00fcnfte\" href=\"http:\/\/www.baden-airpark.de\/tagesaktueller-flugplan.html\" target=\"_blank\" rel=\"noopener noreferrer\">Ank\u00fcnfte<\/a><\/strong><br><strong><a title=\"Abfl\u00fcge\" href=\"http:\/\/www.baden-airpark.de\/tagesaktueller-flugplan.html\" target=\"_blank\" rel=\"noopener noreferrer\">Abfl\u00fcge<br><br><\/a><\/strong><strong>B\u00fcrozeiten<br><\/strong>Montag &#8211; Freitag<br>08:00 &#8211; 12:00 Uhr<br>14:00 &#8211; 20:00 Uhr<\/p>    <\/div>\n<\/div>\n<!-- \/module text -->        <\/div>\n                        <\/div>\n        <\/div>\n            <\/div>\n<!--\/themify_builder_content--><\/div>\n<\/div>\n<!-- \/module template_part --><!-- module template_part -->\n<div  class=\"module module-layout-part tb_vvj3290 \">\n    <div class=\"tb_layout_part_wrap tf_w\"><!--themify_builder_content-->\n    <div  class=\"themify_builder_content themify_builder_content-121 themify_builder not_editable_builder in_the_loop\" data-postid=\"121\">\n                        <div  data-lazy=\"1\" class=\"module_row themify_builder_row tb_vhvo552 tf_w\">\n                        <div class=\"row_inner col_align_top tb_col_count_1 tf_box tf_rel\">\n                        <div  data-lazy=\"1\" class=\"module_column tb-column col-full tb_ilqs552 first\">\n                            <div  data-lazy=\"1\" class=\"module_subrow themify_builder_sub_row tf_w gutter-narrow col_align_top tb_col_count_1 tb_hwfw552\">\n                <div  data-lazy=\"1\" class=\"module_column sub_column col-full tb_wf0p552 first\">\n                    <!-- module text -->\n<div  class=\"module module-text tb_2zd9957   \" data-lazy=\"1\">\n        <div  class=\"tb_text_wrap\">\n        <div id=\"flags\" class=\"size24\"><ul id=\"sortable\" class=\"ui-sortable\" style=\"float:left\"><li id=\"German\"><a href=\"#\" title=\"German\" class=\"nturl notranslate de flag German\"><\/a><\/li><li id=\"English\"><a href=\"#\" title=\"English\" class=\"nturl notranslate en flag English\"><\/a><\/li><li id=\"French\"><a href=\"#\" title=\"French\" class=\"nturl notranslate fr flag French\"><\/a><\/li><li id=\"Italian\"><a href=\"#\" title=\"Italian\" class=\"nturl notranslate it flag Italian\"><\/a><\/li><li id=\"Russian\"><a href=\"#\" title=\"Russian\" class=\"nturl notranslate ru flag Russian\"><\/a><\/li><\/ul><\/div><div id=\"google_language_translator\" class=\"default-language-de\"><\/div>    <\/div>\n<\/div>\n<!-- \/module text --><!-- module image -->\n<div  class=\"module module-image tb_l6ez554 image-center   tf_mw\" data-lazy=\"1\">\n        <div class=\"image-wrap tf_rel tf_mw\">\n            <a href=\"https:\/\/www.facebook.com\/Parkservice-am-Baden-Airpark-502926446428763\/?ref=hl\" rel=\"noopener\" target=\"_blank\">\n                   <img loading=\"lazy\" decoding=\"async\" width=\"32\" height=\"32\" src=\"https:\/\/www.parkservice-am-airpark.de\/parken-baden-airpark\/wp-content\/uploads\/2022\/04\/facebook_log_32.png\" class=\"wp-post-image wp-image-127\" title=\"facebook_log_32\" alt=\"facebook_log_32\">        <\/a>\n    \n        <\/div>\n    <!-- \/image-wrap -->\n    \n        <\/div>\n<!-- \/module image -->        <\/div>\n                    <\/div>\n                <\/div>\n                        <\/div>\n        <\/div>\n            <\/div>\n<!--\/themify_builder_content--><\/div>\n<\/div>\n<!-- \/module template_part -->        <\/div>\n                    <div  data-lazy=\"1\" class=\"module_column sub_column col4-3 tb_jo3f290 last\">\n                    <!-- module text -->\n<div  class=\"module module-text tb_qxed290 car  \" data-lazy=\"1\">\n        <div  class=\"tb_text_wrap\">\n        <h2>Allgemeine Gesch\u00e4ftsbedingungen Parkservice am Baden Airpark<\/h2>\n<p><strong>1. Stornogeb\u00fchren<br><\/strong>Eine Stornierung des Parkplatzes ist bis 24 Stunden vor dem vereinbarten Abholtermin ohne Angaben von Gr\u00fcnden in Textform (z.B. E-Mail oder Brief; Anschrift: S. Leppert, Poststra\u00dfe 30a, 77836 Rheinm\u00fcnster-S\u00f6llingen, E-Mail Adresse: <a href=\"mailto:info@parkservice-am-airpark.de\">info@parkservice-am-airpark.de<\/a>) kostenfrei m\u00f6glich, danach werden 50% der Parkgeb\u00fchr erhoben. Die Stornierung muss mir 24 Stunden vor dem vereinbarten Abholtermin zugegangen sein. Habe ich bis 30 Minuten vor dem vereinbarten Abholtermin keine Stornierung erhalten, werden 80% der gesamten Parkgeb\u00fchr f\u00e4llig, sofern eine anderweitige Vermietung des Parkplatzes nicht mehr m\u00f6glich war. Dem Kunden bleibt der Nachweis gestattet, dass kein oder ein niedrigerer Schaden entstanden ist.<\/p>\n<p><strong>2. Haftungsausschluss<\/strong><br>Schadensersatzanspr\u00fcche infolge von Witterungseinfl\u00fcssen, Schaden durch Fremdeinwirkung, Diebstahl, Feuer oder \u00e4hnlichem k\u00f6nnen nicht gestellt werden. F\u00fcr Sch\u00e4den, die durch den Betreiber, dessen Angeh\u00f6rige oder Beauftragte verursacht werden, haftet der Betreiber. Die Haftung ist in diesem Fall auf Vorsatz und grobfahrl\u00e4ssigs Verschulden beschr\u00e4nkt. In Verwarung auf Firmengel\u00e4nde werden Besch\u00e4digungen, Vernichtung und Abhandenkommen von Fahrzeugen bis 100.000 Euro abgedeckt. Anl\u00e4sslich des Bewegens bis 50.000 Euro versichtert. Sch\u00e4den m\u00fcssen vor Verlassen des Parkgeb\u00e4udes\/Parkplatzes angemeldet werden, danach k\u00f6nnen diese von dem Betreiber nicht mehr anerkannt werden. Die Allgemeinen Vertragsbedingungen des Unternehmens gelten als Vertragsbestandteil.<\/p>\n<p><strong>3. Sondervereinbarungen<\/strong><br>Sondervereinbarungen oder Abweichungen dieser AGBs bed\u00fcrfen der Schriftform.<\/p>\n<p><strong>4. Unwirksamkeit<\/strong><br>Die Unwirksamkeit einzelner Bedingungen zieht nicht gleichzeitig die komplette Unwirksamkeit der gesamten AGBs nach sich.<\/p>\n<p><strong>5. Gerichtsstand<\/strong><br>Gerichtsstand ist B\u00fchl.<\/p>\n<p>Parkservice am Flughafen \/ Parkservice am Airpark<\/p>\n<p>S. Leppert<br>Poststra\u00dfe 30a<br>77836 Rheinm\u00fcnster-S\u00f6llingen<br>E-Mail: <a href=\"mailto:info@parkservice-am-airpark.de\">info@parkservice-am-airpark.de<\/a><br>Gerichtsstand: Amtsgericht B\u00fchl<br>Steuer-Nr.: 36174\/38982<\/p>\n<p><strong>6. Haftungshinweis<\/strong><br>Trotz sorgf\u00e4ltiger inhaltlicher Kontrolle \u00fcbernehmen wir keine Haftung f\u00fcr die Inhalte externer Links. F\u00fcr den Inhalt der verlinkten Seiten sind ausschlie\u00dflich deren Betreiber verantwortlich.<\/p>    <\/div>\n<\/div>\n<!-- \/module text -->        <\/div>\n                    <\/div>\n                <div  data-lazy=\"1\" class=\"module_subrow themify_builder_sub_row tf_w col_align_top tb_col_count_1 tb_ixas291\">\n                <div  data-lazy=\"1\" class=\"module_column sub_column col-full tb_uoxu291 first\">\n                    <!-- module template_part -->\n<div  class=\"module module-layout-part tb_9g4l291 \">\n    <div class=\"tb_layout_part_wrap tf_w\"><!--themify_builder_content-->\n    <div  class=\"themify_builder_content themify_builder_content-117 themify_builder not_editable_builder in_the_loop\" data-postid=\"117\">\n                        <div  data-lazy=\"1\" class=\"module_row themify_builder_row tb_3vx3175 tf_w\">\n                        <div class=\"row_inner col_align_top tb_col_count_1 tf_box tf_rel\">\n                        <div  data-lazy=\"1\" class=\"module_column tb-column col-full tb_uk3r176 first\">\n                    <!-- module text -->\n<div  class=\"module module-text tb_wgmy709   \" data-lazy=\"1\">\n        <div  class=\"tb_text_wrap\">\n        <footer class=\"art-footer\">\n<p style=\"text-align: center;\"><a href=\"https:\/\/www.parkservice-am-airpark.de\/parken-baden-airpark\/impressum\/\" target=\"_self\">Impressum<\/a> | <a href=\"https:\/\/www.parkservice-am-airpark.de\/parken-baden-airpark\/datenschutzerklarung\/\" target=\"_self\">Datenschutz<\/a> | <a href=\"https:\/\/www.parkservice-am-airpark.de\/parken-baden-airpark\/agb\/\" target=\"_self\">AGB<\/a><\/p>\n<p style=\"text-align: center;\">Copyright \u00a9 2013 &#8211; 2026 Parkservice am Baden Airpark<\/p>\n<\/footer>    <\/div>\n<\/div>\n<!-- \/module text -->        <\/div>\n                        <\/div>\n        <\/div>\n            <\/div>\n<!--\/themify_builder_content--><\/div>\n<\/div>\n<!-- \/module template_part -->        <\/div>\n                    <\/div>\n                <\/div>\n                        <\/div>\n        <\/div>\n        <\/div>\n<!--\/themify_builder_content-->","protected":false},"excerpt":{"rendered":"<p>Allgemeine Gesch\u00e4ftsbedingungen Parkservice am Baden Airpark 1. Stornogeb\u00fchrenEine Stornierung des Parkplatzes ist bis 24 Stunden vor dem vereinbarten Abholtermin ohne Angaben von Gr\u00fcnden in Textform (z.B. E-Mail oder Brief; Anschrift: S. Leppert, Poststra\u00dfe 30a, 77836 Rheinm\u00fcnster-S\u00f6llingen, E-Mail Adresse: info@parkservice-am-airpark.de) kostenfrei m\u00f6glich, danach werden 50% der Parkgeb\u00fchr erhoben. Die Stornierung muss mir 24 Stunden vor dem [&hellip;]<\/p>\n","protected":false},"author":1,"featured_media":0,"parent":0,"menu_order":0,"comment_status":"closed","ping_status":"closed","template":"","meta":{"footnotes":""},"class_list":["post-186","page","type-page","status-publish","hentry","has-post-title","has-post-date","has-post-category","has-post-tag","has-post-comment","has-post-author",""],"builder_content":"<img src=\"data:image\/svg+xml,%3Csvg%20xmlns=%27http:\/\/www.w3.org\/2000\/svg%27%20width='980'%20height='200'%20viewBox=%270%200%20980%20200%27%3E%3C\/svg%3E\" loading=\"lazy\" data-lazy=\"1\" data-tf-not-load=\"1\" style=\"background:linear-gradient(to right,#ffffff 25%,#ffffff 25% 50%,#ffffff 50% 75%,#a77d64 75%),linear-gradient(to right,#ffffff 25%,#ffffff 25% 50%,#ffffff 50% 75%,#b5c0c6 75%),linear-gradient(to right,#ffffff 25%,#ffffff 25% 50%,#ffffff 50% 75%,#afbec5 75%),linear-gradient(to right,#8f8f8f 25%,#676767 25% 50%,#676767 50% 75%,#696564 75%)\" decoding=\"async\" width=\"980\" height=\"200\" data-tf-src=\"https:\/\/www.parkservice-am-airpark.de\/parken-baden-airpark\/wp-content\/uploads\/2022\/04\/1_2fa67f482133f1c934235b73c2a03954_s.jpg\" title=\"1_2fa67f482133f1c934235b73c2a03954_s\" alt=\"1_2fa67f482133f1c934235b73c2a03954_s\" data-tf-srcset=\"https:\/\/www.parkservice-am-airpark.de\/parken-baden-airpark\/wp-content\/uploads\/2022\/04\/1_2fa67f482133f1c934235b73c2a03954_s.jpg 980w, https:\/\/www.parkservice-am-airpark.de\/parken-baden-airpark\/wp-content\/uploads\/2022\/04\/1_2fa67f482133f1c934235b73c2a03954_s-300x61.jpg 300w, https:\/\/www.parkservice-am-airpark.de\/parken-baden-airpark\/wp-content\/uploads\/2022\/04\/1_2fa67f482133f1c934235b73c2a03954_s-768x157.jpg 768w\" data-tf-sizes=\"(max-width: 980px) 100vw, 980px\" \/><noscript><img data-tf-not-load data-no-script src=\"https:\/\/www.parkservice-am-airpark.de\/parken-baden-airpark\/wp-content\/uploads\/2022\/04\/1_2fa67f482133f1c934235b73c2a03954_s.jpg\" title=\"1_2fa67f482133f1c934235b73c2a03954_s\" alt=\"1_2fa67f482133f1c934235b73c2a03954_s\" srcset=\"https:\/\/www.parkservice-am-airpark.de\/parken-baden-airpark\/wp-content\/uploads\/2022\/04\/1_2fa67f482133f1c934235b73c2a03954_s.jpg 980w, https:\/\/www.parkservice-am-airpark.de\/parken-baden-airpark\/wp-content\/uploads\/2022\/04\/1_2fa67f482133f1c934235b73c2a03954_s-300x61.jpg 300w, https:\/\/www.parkservice-am-airpark.de\/parken-baden-airpark\/wp-content\/uploads\/2022\/04\/1_2fa67f482133f1c934235b73c2a03954_s-768x157.jpg 768w\" sizes=\"(max-width: 980px) 100vw, 980px\" \/><\/noscript> <img src=\"data:image\/svg+xml,%3Csvg%20xmlns=%27http:\/\/www.w3.org\/2000\/svg%27%20width='980'%20height='200'%20viewBox=%270%200%20980%20200%27%3E%3C\/svg%3E\" loading=\"lazy\" data-lazy=\"1\" data-tf-not-load=\"1\" style=\"background:linear-gradient(to right,#ffffff 25%,#ffffff 25% 50%,#ffffff 50% 75%,#8d8d85 75%),linear-gradient(to right,#ffffff 25%,#ffffff 25% 50%,#ffffff 50% 75%,#9cb8bc 75%),linear-gradient(to right,#ffffff 25%,#ffffff 25% 50%,#ffffff 50% 75%,#1f262c 75%),linear-gradient(to right,#8f8f8f 25%,#676767 25% 50%,#676767 50% 75%,#686763 75%)\" decoding=\"async\" width=\"980\" height=\"200\" data-tf-src=\"https:\/\/www.parkservice-am-airpark.de\/parken-baden-airpark\/wp-content\/uploads\/2022\/04\/Header-parkservice-baden-baden-h2.jpg\" title=\"Header-parkservice-baden-baden-h2\" alt=\"Header-parkservice-baden-baden-h2\" data-tf-srcset=\"https:\/\/www.parkservice-am-airpark.de\/parken-baden-airpark\/wp-content\/uploads\/2022\/04\/Header-parkservice-baden-baden-h2.jpg 980w, https:\/\/www.parkservice-am-airpark.de\/parken-baden-airpark\/wp-content\/uploads\/2022\/04\/Header-parkservice-baden-baden-h2-300x61.jpg 300w, https:\/\/www.parkservice-am-airpark.de\/parken-baden-airpark\/wp-content\/uploads\/2022\/04\/Header-parkservice-baden-baden-h2-768x157.jpg 768w\" data-tf-sizes=\"(max-width: 980px) 100vw, 980px\" \/><noscript><img data-tf-not-load data-no-script src=\"https:\/\/www.parkservice-am-airpark.de\/parken-baden-airpark\/wp-content\/uploads\/2022\/04\/Header-parkservice-baden-baden-h2.jpg\" title=\"Header-parkservice-baden-baden-h2\" alt=\"Header-parkservice-baden-baden-h2\" srcset=\"https:\/\/www.parkservice-am-airpark.de\/parken-baden-airpark\/wp-content\/uploads\/2022\/04\/Header-parkservice-baden-baden-h2.jpg 980w, https:\/\/www.parkservice-am-airpark.de\/parken-baden-airpark\/wp-content\/uploads\/2022\/04\/Header-parkservice-baden-baden-h2-300x61.jpg 300w, https:\/\/www.parkservice-am-airpark.de\/parken-baden-airpark\/wp-content\/uploads\/2022\/04\/Header-parkservice-baden-baden-h2-768x157.jpg 768w\" sizes=\"(max-width: 980px) 100vw, 980px\" \/><\/noscript> <img src=\"data:image\/svg+xml,%3Csvg%20xmlns=%27http:\/\/www.w3.org\/2000\/svg%27%20width='980'%20height='200'%20viewBox=%270%200%20980%20200%27%3E%3C\/svg%3E\" loading=\"lazy\" data-lazy=\"1\" data-tf-not-load=\"1\" style=\"background:linear-gradient(to right,#ffffff 25%,#ffffff 25% 50%,#ffffff 50% 75%,#ffffff 75%),linear-gradient(to right,#ffffff 25%,#ffffff 25% 50%,#fefefe 50% 75%,#817372 75%),linear-gradient(to right,#ffffff 25%,#ffffff 25% 50%,#ffffff 50% 75%,#464543 75%),linear-gradient(to right,#8f8f8f 25%,#676767 25% 50%,#676767 50% 75%,#6c6a6d 75%)\" decoding=\"async\" width=\"980\" height=\"200\" data-tf-src=\"https:\/\/www.parkservice-am-airpark.de\/parken-baden-airpark\/wp-content\/uploads\/2022\/04\/3_94d43e327d9303539cb1e2aac7032668_s.jpg\" title=\"3_94d43e327d9303539cb1e2aac7032668_s\" alt=\"3_94d43e327d9303539cb1e2aac7032668_s\" data-tf-srcset=\"https:\/\/www.parkservice-am-airpark.de\/parken-baden-airpark\/wp-content\/uploads\/2022\/04\/3_94d43e327d9303539cb1e2aac7032668_s.jpg 980w, https:\/\/www.parkservice-am-airpark.de\/parken-baden-airpark\/wp-content\/uploads\/2022\/04\/3_94d43e327d9303539cb1e2aac7032668_s-300x61.jpg 300w, https:\/\/www.parkservice-am-airpark.de\/parken-baden-airpark\/wp-content\/uploads\/2022\/04\/3_94d43e327d9303539cb1e2aac7032668_s-768x157.jpg 768w\" data-tf-sizes=\"(max-width: 980px) 100vw, 980px\" \/><noscript><img data-tf-not-load data-no-script src=\"https:\/\/www.parkservice-am-airpark.de\/parken-baden-airpark\/wp-content\/uploads\/2022\/04\/3_94d43e327d9303539cb1e2aac7032668_s.jpg\" title=\"3_94d43e327d9303539cb1e2aac7032668_s\" alt=\"3_94d43e327d9303539cb1e2aac7032668_s\" srcset=\"https:\/\/www.parkservice-am-airpark.de\/parken-baden-airpark\/wp-content\/uploads\/2022\/04\/3_94d43e327d9303539cb1e2aac7032668_s.jpg 980w, https:\/\/www.parkservice-am-airpark.de\/parken-baden-airpark\/wp-content\/uploads\/2022\/04\/3_94d43e327d9303539cb1e2aac7032668_s-300x61.jpg 300w, https:\/\/www.parkservice-am-airpark.de\/parken-baden-airpark\/wp-content\/uploads\/2022\/04\/3_94d43e327d9303539cb1e2aac7032668_s-768x157.jpg 768w\" sizes=\"(max-width: 980px) 100vw, 980px\" \/><\/noscript> <img src=\"data:image\/svg+xml,%3Csvg%20xmlns=%27http:\/\/www.w3.org\/2000\/svg%27%20width='980'%20height='200'%20viewBox=%270%200%20980%20200%27%3E%3C\/svg%3E\" loading=\"lazy\" data-lazy=\"1\" data-tf-not-load=\"1\" style=\"background:linear-gradient(to right,#ffffff 25%,#c4906b 25% 50%,#30332c 50% 75%,#222f42 75%),linear-gradient(to right,#ffffff 25%,#4c3d3a 25% 50%,#395b77 50% 75%,#16192a 75%),linear-gradient(to right,#ffffff 25%,#050409 25% 50%,#abaaa8 50% 75%,#40353b 75%),linear-gradient(to right,#848484 25%,#666666 25% 50%,#666465 50% 75%,#696969 75%)\" decoding=\"async\" width=\"980\" height=\"200\" data-tf-src=\"https:\/\/www.parkservice-am-airpark.de\/parken-baden-airpark\/wp-content\/uploads\/2022\/04\/4_2ff2ba0051687eef5ca0459cf942940c_s.jpg\" title=\"4_2ff2ba0051687eef5ca0459cf942940c_s\" alt=\"4_2ff2ba0051687eef5ca0459cf942940c_s\" data-tf-srcset=\"https:\/\/www.parkservice-am-airpark.de\/parken-baden-airpark\/wp-content\/uploads\/2022\/04\/4_2ff2ba0051687eef5ca0459cf942940c_s.jpg 980w, https:\/\/www.parkservice-am-airpark.de\/parken-baden-airpark\/wp-content\/uploads\/2022\/04\/4_2ff2ba0051687eef5ca0459cf942940c_s-300x61.jpg 300w, https:\/\/www.parkservice-am-airpark.de\/parken-baden-airpark\/wp-content\/uploads\/2022\/04\/4_2ff2ba0051687eef5ca0459cf942940c_s-768x157.jpg 768w\" data-tf-sizes=\"(max-width: 980px) 100vw, 980px\" \/><noscript><img data-tf-not-load data-no-script src=\"https:\/\/www.parkservice-am-airpark.de\/parken-baden-airpark\/wp-content\/uploads\/2022\/04\/4_2ff2ba0051687eef5ca0459cf942940c_s.jpg\" title=\"4_2ff2ba0051687eef5ca0459cf942940c_s\" alt=\"4_2ff2ba0051687eef5ca0459cf942940c_s\" srcset=\"https:\/\/www.parkservice-am-airpark.de\/parken-baden-airpark\/wp-content\/uploads\/2022\/04\/4_2ff2ba0051687eef5ca0459cf942940c_s.jpg 980w, https:\/\/www.parkservice-am-airpark.de\/parken-baden-airpark\/wp-content\/uploads\/2022\/04\/4_2ff2ba0051687eef5ca0459cf942940c_s-300x61.jpg 300w, https:\/\/www.parkservice-am-airpark.de\/parken-baden-airpark\/wp-content\/uploads\/2022\/04\/4_2ff2ba0051687eef5ca0459cf942940c_s-768x157.jpg 768w\" sizes=\"(max-width: 980px) 100vw, 980px\" \/><\/noscript>\n<h2>Allgemeine Gesch\u00e4ftsbedingungen Parkservice am Baden Airpark<\/h2> <p><strong>1. Stornogeb\u00fchren<br><\/strong>Eine Stornierung des Parkplatzes ist bis 24 Stunden vor dem vereinbarten Abholtermin ohne Angaben von Gr\u00fcnden in Textform (z.B. E-Mail oder Brief; Anschrift: S. Leppert, Poststra\u00dfe 30a, 77836 Rheinm\u00fcnster-S\u00f6llingen, E-Mail Adresse: <a href=\"mailto:info@parkservice-am-airpark.de\">info@parkservice-am-airpark.de<\/a>) kostenfrei m\u00f6glich, danach werden 50% der Parkgeb\u00fchr erhoben. Die Stornierung muss mir 24 Stunden vor dem vereinbarten Abholtermin zugegangen sein. Habe ich bis 30 Minuten vor dem vereinbarten Abholtermin keine Stornierung erhalten, werden 80% der gesamten Parkgeb\u00fchr f\u00e4llig, sofern eine anderweitige Vermietung des Parkplatzes nicht mehr m\u00f6glich war. Dem Kunden bleibt der Nachweis gestattet, dass kein oder ein niedrigerer Schaden entstanden ist.<\/p> <p><strong>2. Haftungsausschluss<\/strong><br>Schadensersatzanspr\u00fcche infolge von Witterungseinfl\u00fcssen, Schaden durch Fremdeinwirkung, Diebstahl, Feuer oder \u00e4hnlichem k\u00f6nnen nicht gestellt werden. F\u00fcr Sch\u00e4den, die durch den Betreiber, dessen Angeh\u00f6rige oder Beauftragte verursacht werden, haftet der Betreiber. Die Haftung ist in diesem Fall auf Vorsatz und grobfahrl\u00e4ssigs Verschulden beschr\u00e4nkt. In Verwarung auf Firmengel\u00e4nde werden Besch\u00e4digungen, Vernichtung und Abhandenkommen von Fahrzeugen bis 100.000 Euro abgedeckt. Anl\u00e4sslich des Bewegens bis 50.000 Euro versichtert. Sch\u00e4den m\u00fcssen vor Verlassen des Parkgeb\u00e4udes\/Parkplatzes angemeldet werden, danach k\u00f6nnen diese von dem Betreiber nicht mehr anerkannt werden. Die Allgemeinen Vertragsbedingungen des Unternehmens gelten als Vertragsbestandteil.<\/p> <p><strong>3. Sondervereinbarungen<\/strong><br>Sondervereinbarungen oder Abweichungen dieser AGBs bed\u00fcrfen der Schriftform.<\/p> <p><strong>4. Unwirksamkeit<\/strong><br>Die Unwirksamkeit einzelner Bedingungen zieht nicht gleichzeitig die komplette Unwirksamkeit der gesamten AGBs nach sich.<\/p> <p><strong>5. Gerichtsstand<\/strong><br>Gerichtsstand ist B\u00fchl.<\/p> <p>Parkservice am Flughafen \/ Parkservice am Airpark<\/p> <p>S. Leppert<br>Poststra\u00dfe 30a<br>77836 Rheinm\u00fcnster-S\u00f6llingen<br>E-Mail: <a href=\"mailto:info@parkservice-am-airpark.de\">info@parkservice-am-airpark.de<\/a><br>Gerichtsstand: Amtsgericht B\u00fchl<br>Steuer-Nr.: 36174\/38982<\/p> <p><strong>6. Haftungshinweis<\/strong><br>Trotz sorgf\u00e4ltiger inhaltlicher Kontrolle \u00fcbernehmen wir keine Haftung f\u00fcr die Inhalte externer Links. F\u00fcr den Inhalt der verlinkten Seiten sind ausschlie\u00dflich deren Betreiber verantwortlich.<\/p>","_links":{"self":[{"href":"https:\/\/www.parkservice-am-airpark.de\/parken-baden-airpark\/wp-json\/wp\/v2\/pages\/186","targetHints":{"allow":["GET"]}}],"collection":[{"href":"https:\/\/www.parkservice-am-airpark.de\/parken-baden-airpark\/wp-json\/wp\/v2\/pages"}],"about":[{"href":"https:\/\/www.parkservice-am-airpark.de\/parken-baden-airpark\/wp-json\/wp\/v2\/types\/page"}],"author":[{"embeddable":true,"href":"https:\/\/www.parkservice-am-airpark.de\/parken-baden-airpark\/wp-json\/wp\/v2\/users\/1"}],"replies":[{"embeddable":true,"href":"https:\/\/www.parkservice-am-airpark.de\/parken-baden-airpark\/wp-json\/wp\/v2\/comments?post=186"}],"version-history":[{"count":15,"href":"https:\/\/www.parkservice-am-airpark.de\/parken-baden-airpark\/wp-json\/wp\/v2\/pages\/186\/revisions"}],"predecessor-version":[{"id":744,"href":"https:\/\/www.parkservice-am-airpark.de\/parken-baden-airpark\/wp-json\/wp\/v2\/pages\/186\/revisions\/744"}],"wp:attachment":[{"href":"https:\/\/www.parkservice-am-airpark.de\/parken-baden-airpark\/wp-json\/wp\/v2\/media?parent=186"}],"curies":[{"name":"wp","href":"https:\/\/api.w.org\/{rel}","templated":true}]}}